									
{"id":10059,"date":"2025-10-08T14:29:06","date_gmt":"2025-10-08T14:29:06","guid":{"rendered":"https:\/\/cineslys.com\/?post_type=tribe_events&#038;p=10059"},"modified":"2025-10-08T14:29:06","modified_gmt":"2025-10-08T14:29:06","slug":"preestreno-vieja-loca-con-j-a-bayona","status":"publish","type":"tribe_events","link":"https:\/\/cineslys.com\/val\/calendario\/preestreno-vieja-loca-con-j-a-bayona\/","title":{"rendered":"Preestreno: Vieja Loca con J.A. Bayona"},"content":{"rendered":"<p><span style=\"color: #ff0000;\"><strong><a style=\"color: #ff0000;\" href=\"https:\/\/forms.gle\/s2h5H8jFnPMt66U99\" rel=\"nofollow noopener\" target=\"_blank\">\u00danete a nuestra terror\u00edfica familia y participa en sorteos especiales<\/a><\/strong><\/span><\/p>\n<p data-start=\"388\" data-end=\"704\">Este 09 de octubre celebramos en Valencia el d\u00eda de la Comunitat, pero en Cines Lys tendremos una segunda actividad. El preestreno de \u00abVieja Loca\u00bb con coloquio posterior de J.A. Bayona desde Sitges. De ah\u00ed las horas, pues en esta ocasi\u00f3n ser\u00e1 a las 22:00h.<\/p>\n<p data-start=\"729\" data-end=\"1054\"><strong>Sinopsis: <\/strong>Pedro recibe un mensaje desesperado de una exnovia pidi\u00e9ndole que cuide de Alicia, su madre senil. Lo que parece una misi\u00f3n sencilla pronto se convierte en su peor pesadilla. Pedro necesita escapar, pero Alicia no le deja\u2026<\/p>\n<dl class=\"margin-top\">\n<dt><\/dt>\n<dd>\n<div id=\"item2item\" class=\"item2item\" data-movie-id=\"423898\">\n<div class=\"header\"><\/div>\n<\/div>\n<\/dd>\n<\/dl>\n<p data-start=\"388\" data-end=\"704\"><a href=\"https:\/\/www.reservaentradas.com\/cine\/valencia\/cineslys?#registro\" rel=\"nofollow noopener\" target=\"_blank\"><span style=\"color: #ff0000;\"><strong>Hazte socio de Cines Lys y compra tu entrada por 6,50\u20ac<\/strong><\/span><\/a><\/p>\n<p><a href=\"https:\/\/www.reservaentradas.com\/entrada\/valencia\/cineslys\/vieja-loca\/371819\/?step=2\" rel=\"nofollow noopener\" target=\"_blank\"><button>Reserva tu entrada<\/button><\/a><\/p>\n<p><iframe title=\"VIEJA LOCA | Tr\u00e1iler oficial en espa\u00f1ol | 10 de octubre en cines\" width=\"750\" height=\"422\" src=\"https:\/\/www.youtube.com\/embed\/0YMtW4jOtEY?feature=oembed\" frameborder=\"0\" allow=\"accelerometer; autoplay; clipboard-write; encrypted-media; gyroscope; picture-in-picture; web-share\" referrerpolicy=\"strict-origin-when-cross-origin\" allowfullscreen><\/iframe><\/p>","protected":false},"excerpt":{"rendered":"<p>\u00danete a nuestra terror\u00edfica familia y participa en sorteos especiales Este 09 de octubre celebramos en Valencia el d\u00eda de la Comunitat, pero en Cines Lys tendremos una segunda actividad.&hellip; <a class=\"more-link\" href=\"https:\/\/cineslys.com\/val\/calendario\/preestreno-vieja-loca-con-j-a-bayona\/\">Continue reading <span class=\"screen-reader-text\">Preestreno: Vieja Loca con J.A. Bayona<\/span><\/a><\/p>","protected":false},"author":1,"featured_media":10060,"template":"","meta":{"_tribe_events_status":"","_tribe_events_status_reason":"","footnotes":""},"tags":[],"tribe_events_cat":[73],"class_list":["post-10059","tribe_events","type-tribe_events","status-publish","has-post-thumbnail","hentry","tribe_events_cat-terrorificamente-lys","cat_terrorificamente-lys","entry"],"_links":{"self":[{"href":"https:\/\/cineslys.com\/val\/wp-json\/wp\/v2\/tribe_events\/10059","targetHints":{"allow":["GET"]}}],"collection":[{"href":"https:\/\/cineslys.com\/val\/wp-json\/wp\/v2\/tribe_events"}],"about":[{"href":"https:\/\/cineslys.com\/val\/wp-json\/wp\/v2\/types\/tribe_events"}],"author":[{"embeddable":true,"href":"https:\/\/cineslys.com\/val\/wp-json\/wp\/v2\/users\/1"}],"version-history":[{"count":0,"href":"https:\/\/cineslys.com\/val\/wp-json\/wp\/v2\/tribe_events\/10059\/revisions"}],"wp:featuredmedia":[{"embeddable":true,"href":"https:\/\/cineslys.com\/val\/wp-json\/wp\/v2\/media\/10060"}],"wp:attachment":[{"href":"https:\/\/cineslys.com\/val\/wp-json\/wp\/v2\/media?parent=10059"}],"wp:term":[{"taxonomy":"post_tag","embeddable":true,"href":"https:\/\/cineslys.com\/val\/wp-json\/wp\/v2\/tags?post=10059"},{"taxonomy":"tribe_events_cat","embeddable":true,"href":"https:\/\/cineslys.com\/val\/wp-json\/wp\/v2\/tribe_events_cat?post=10059"}],"curies":[{"name":"wp","href":"https:\/\/api.w.org\/{rel}","templated":true}]}}