									
{"id":10281,"date":"2025-10-31T12:16:32","date_gmt":"2025-10-31T12:16:32","guid":{"rendered":"https:\/\/cineslys.com\/?post_type=tribe_events&#038;p=10281"},"modified":"2025-10-31T14:22:30","modified_gmt":"2025-10-31T14:22:30","slug":"terrorificamente-lys-preestreno-gaua","status":"publish","type":"tribe_events","link":"https:\/\/cineslys.com\/val\/calendario\/terrorificamente-lys-preestreno-gaua\/","title":{"rendered":"Terror\u00edficamente Lys: Preestreno Gaua"},"content":{"rendered":"<p><span style=\"color: #ff0000;\"><strong><a style=\"color: #ff0000;\" href=\"https:\/\/forms.gle\/s2h5H8jFnPMt66U99\" rel=\"nofollow noopener\" target=\"_blank\">\u00danete a nuestra terror\u00edfica familia y participa en sorteos especiales<\/a><\/strong><\/span><\/p>\n<p data-start=\"388\" data-end=\"704\">Empezamos noviembre con el preestreno de Gaua durante la Fiesta del Cine. Aprovecha y ven a ver el \u00faltimo proyecto del director vasco Paul Urkijo. Ya sorprendi\u00f3 anteriormente con Irati (2022) y Errementari (2017).<\/p>\n<p data-start=\"729\" data-end=\"1054\"><strong>Sinopsis:<\/strong>Monta\u00f1as vascas, siglo XVII. En plena caza de brujas, Kattalin huye de su marido, abandonando el caser\u00edo en mitad de la noche. Perdida en la negrura del bosque, siente una presencia que la persigue. En su camino, se topa con tres mujeres que, mientras lavan la ropa junto al r\u00edo, comparten cuentos de miedo y habladur\u00edas del pueblo. Para su asombro, Kattalin acabar\u00e1 convirti\u00e9ndose en parte de esas mismas historias.<strong><br \/>\n<\/strong><\/p>\n<p data-start=\"388\" data-end=\"704\"><a href=\"https:\/\/www.reservaentradas.com\/cine\/valencia\/cineslys?#registro\" rel=\"nofollow noopener\" target=\"_blank\"><span style=\"color: #ff0000;\"><strong>Hazte socio de Cines Lys y compra tu entrada por 5,50\u20ac<\/strong><\/span><\/a><\/p>\n<p><a href=\"https:\/\/www.reservaentradas.com\/entrada\/valencia\/cineslys\/terrorificamente-lys-gaua\/373133\/?step=2\" rel=\"nofollow noopener\" target=\"_blank\"><button>Reserva tu entrada<\/button><\/a><\/p>\n<p>&nbsp;<\/p>","protected":false},"excerpt":{"rendered":"<p>\u00danete a nuestra terror\u00edfica familia y participa en sorteos especiales Empezamos noviembre con el preestreno de Gaua durante la Fiesta del Cine. Aprovecha y ven a ver el \u00faltimo proyecto&hellip; <a class=\"more-link\" href=\"https:\/\/cineslys.com\/val\/calendario\/terrorificamente-lys-preestreno-gaua\/\">Continue reading <span class=\"screen-reader-text\">Terror\u00edficamente Lys: Preestreno Gaua<\/span><\/a><\/p>","protected":false},"author":1,"featured_media":10283,"template":"","meta":{"_tribe_events_status":"","_tribe_events_status_reason":"","footnotes":""},"tags":[],"tribe_events_cat":[73],"class_list":["post-10281","tribe_events","type-tribe_events","status-publish","has-post-thumbnail","hentry","tribe_events_cat-terrorificamente-lys","cat_terrorificamente-lys","entry"],"_links":{"self":[{"href":"https:\/\/cineslys.com\/val\/wp-json\/wp\/v2\/tribe_events\/10281","targetHints":{"allow":["GET"]}}],"collection":[{"href":"https:\/\/cineslys.com\/val\/wp-json\/wp\/v2\/tribe_events"}],"about":[{"href":"https:\/\/cineslys.com\/val\/wp-json\/wp\/v2\/types\/tribe_events"}],"author":[{"embeddable":true,"href":"https:\/\/cineslys.com\/val\/wp-json\/wp\/v2\/users\/1"}],"version-history":[{"count":0,"href":"https:\/\/cineslys.com\/val\/wp-json\/wp\/v2\/tribe_events\/10281\/revisions"}],"wp:featuredmedia":[{"embeddable":true,"href":"https:\/\/cineslys.com\/val\/wp-json\/wp\/v2\/media\/10283"}],"wp:attachment":[{"href":"https:\/\/cineslys.com\/val\/wp-json\/wp\/v2\/media?parent=10281"}],"wp:term":[{"taxonomy":"post_tag","embeddable":true,"href":"https:\/\/cineslys.com\/val\/wp-json\/wp\/v2\/tags?post=10281"},{"taxonomy":"tribe_events_cat","embeddable":true,"href":"https:\/\/cineslys.com\/val\/wp-json\/wp\/v2\/tribe_events_cat?post=10281"}],"curies":[{"name":"wp","href":"https:\/\/api.w.org\/{rel}","templated":true}]}}