									
{"id":10452,"date":"2025-11-18T12:42:14","date_gmt":"2025-11-18T12:42:14","guid":{"rendered":"https:\/\/cineslys.com\/?post_type=tribe_events&#038;p=10452"},"modified":"2025-12-09T18:58:24","modified_gmt":"2025-12-09T18:58:24","slug":"terrorificamente-lys-keeper","status":"publish","type":"tribe_events","link":"https:\/\/cineslys.com\/val\/calendario\/terrorificamente-lys-keeper\/","title":{"rendered":"Terror\u00edficamente Lys: Keeper"},"content":{"rendered":"<p><span style=\"color: #ff0000;\"><strong><a style=\"color: #ff0000;\" href=\"https:\/\/forms.gle\/s2h5H8jFnPMt66U99\" rel=\"nofollow noopener\" target=\"_blank\">\u00danete a nuestra terror\u00edfica familia y participa en sorteos especiales<\/a><\/strong><\/span><\/p>\n<p data-start=\"388\" data-end=\"704\">Estamos acerc\u00e1ndonos al cierre de temporada y tenemos para el 11 de diciembre el preestreno de \u00abKeeper\u00bb, la tercera pel\u00edcula de Oz Perkings que est\u00e1 protagonizada por Tatiana Maslany y Rossif Sutherland. Este \u00faltimo hijo del m\u00edtico actor Donald Sutherland.<\/p>\n<p><strong>Sinopsis<\/strong>: Una pareja, para celebrar su aniversario, hace una escapada rom\u00e1ntica de fin de semana a una caba\u00f1a aislada. Cuando Malcolm (Sutherland) regresa repentinamente a la ciudad, Liz (Maslany) se encuentra aislada y en presencia de un mal indescriptible que desvela los horripilantes secretos de la caba\u00f1a.<\/p>\n<dl class=\"margin-top movie-info\"><\/dl>\n<dl class=\"margin-top movie-info\"><\/dl>\n<p data-start=\"388\" data-end=\"704\"><a href=\"https:\/\/www.reservaentradas.com\/cine\/valencia\/cineslys?#registro\" rel=\"nofollow noopener\" target=\"_blank\"><span style=\"color: #ff0000;\"><strong>Hazte socio de Cines Lys y compra tu entrada por 6.00\u20ac<\/strong><\/span><\/a><\/p>\n<p><a href=\"https:\/\/www.reservaentradas.com\/entrada\/valencia\/cineslys\/terrorificamente-lys-keeper\/373190\/?step=2\" rel=\"nofollow noopener\" target=\"_blank\"><button>Reserva tu entrada<\/button><\/a><\/p>\n<p>&nbsp;<\/p>","protected":false},"excerpt":{"rendered":"<p>\u00danete a nuestra terror\u00edfica familia y participa en sorteos especiales Estamos acerc\u00e1ndonos al cierre de temporada y tenemos para el 11 de diciembre el preestreno de \u00abKeeper\u00bb, la tercera pel\u00edcula&hellip; <a class=\"more-link\" href=\"https:\/\/cineslys.com\/val\/calendario\/terrorificamente-lys-keeper\/\">Continue reading <span class=\"screen-reader-text\">Terror\u00edficamente Lys: Keeper<\/span><\/a><\/p>","protected":false},"author":1,"featured_media":10454,"template":"","meta":{"_tribe_events_status":"","_tribe_events_status_reason":"","footnotes":""},"tags":[],"tribe_events_cat":[73],"class_list":["post-10452","tribe_events","type-tribe_events","status-publish","has-post-thumbnail","hentry","tribe_events_cat-terrorificamente-lys","cat_terrorificamente-lys","entry"],"_links":{"self":[{"href":"https:\/\/cineslys.com\/val\/wp-json\/wp\/v2\/tribe_events\/10452","targetHints":{"allow":["GET"]}}],"collection":[{"href":"https:\/\/cineslys.com\/val\/wp-json\/wp\/v2\/tribe_events"}],"about":[{"href":"https:\/\/cineslys.com\/val\/wp-json\/wp\/v2\/types\/tribe_events"}],"author":[{"embeddable":true,"href":"https:\/\/cineslys.com\/val\/wp-json\/wp\/v2\/users\/1"}],"version-history":[{"count":0,"href":"https:\/\/cineslys.com\/val\/wp-json\/wp\/v2\/tribe_events\/10452\/revisions"}],"wp:featuredmedia":[{"embeddable":true,"href":"https:\/\/cineslys.com\/val\/wp-json\/wp\/v2\/media\/10454"}],"wp:attachment":[{"href":"https:\/\/cineslys.com\/val\/wp-json\/wp\/v2\/media?parent=10452"}],"wp:term":[{"taxonomy":"post_tag","embeddable":true,"href":"https:\/\/cineslys.com\/val\/wp-json\/wp\/v2\/tags?post=10452"},{"taxonomy":"tribe_events_cat","embeddable":true,"href":"https:\/\/cineslys.com\/val\/wp-json\/wp\/v2\/tribe_events_cat?post=10452"}],"curies":[{"name":"wp","href":"https:\/\/api.w.org\/{rel}","templated":true}]}}