									
{"id":10805,"date":"2026-01-07T12:32:00","date_gmt":"2026-01-07T12:32:00","guid":{"rendered":"https:\/\/cineslys.com\/?post_type=tribe_events&#038;p=10805"},"modified":"2026-01-07T12:33:30","modified_gmt":"2026-01-07T12:33:30","slug":"proyecto-viridiana-la-tarta-del-presidente-con-hasan-hadi","status":"publish","type":"tribe_events","link":"https:\/\/cineslys.com\/val\/calendario\/proyecto-viridiana-la-tarta-del-presidente-con-hasan-hadi\/","title":{"rendered":"Proyecto Viridiana: La tarta del presidente con Hasan Hadi"},"content":{"rendered":"<h3><strong>Proyecto Viridiana: La tarta del presidente con Hasan Hadi<\/strong><\/h3>\n<h3><span style=\"font-size: 18px; font-weight: 600; letter-spacing: 0.9px;\">Jueves 15 de enero 20.00h<\/span><\/h3>\n<p>Nuevo pase de Proyecto Viridiana con la pel\u00edcula de \u00abLa tarta del presidente\u00bb dirigida por Hasan Hadi.<\/p>\n<p>Para la ocasi\u00f3n contaremos con el director. Se podr\u00e1 ver v\u00eda streaming y se puede mandar tu pregunta desde el QR que tendremos en pantalla.<\/p>\n<p>Sinopsis: Mientras la gente lucha a diario por sobrevivir bajo las sanciones en el Iraq de Sadam, Lamia, una ni\u00f1a de nueve a\u00f1os, debe usar su ingenio para reunir los ingredientes de la tarta obligatoria para celebrar el cumplea\u00f1os del presidente Sadam Husein o atenerse a las consecuencias: la c\u00e1rcel o la muerte.<\/p>\n<p><a href=\"https:\/\/www.reservaentradas.com\/entrada\/valencia\/cineslys\/proyecto-viridiana-la-tarta-del-presidente\/376090\/?step=2\" rel=\"nofollow noopener\" target=\"_blank\"><button>Reserva tu entrada<\/button><\/a><\/p>\n<p><iframe title=\"LA TARTA DEL PRESIDENTE | Teaser tr\u00e1iler espa\u00f1ol | 6 de febrero en cines\" width=\"750\" height=\"422\" src=\"https:\/\/www.youtube.com\/embed\/yFg9Hu5SxLg?feature=oembed\" frameborder=\"0\" allow=\"accelerometer; autoplay; clipboard-write; encrypted-media; gyroscope; picture-in-picture; web-share\" referrerpolicy=\"strict-origin-when-cross-origin\" allowfullscreen><\/iframe><\/p>","protected":false},"excerpt":{"rendered":"<p>Proyecto Viridiana: La tarta del presidente con Hasan Hadi Jueves 15 de enero 20.00h Nuevo pase de Proyecto Viridiana con la pel\u00edcula de \u00abLa tarta del presidente\u00bb dirigida por Hasan&hellip; <a class=\"more-link\" href=\"https:\/\/cineslys.com\/val\/calendario\/proyecto-viridiana-la-tarta-del-presidente-con-hasan-hadi\/\">Continue reading <span class=\"screen-reader-text\">Proyecto Viridiana: La tarta del presidente con Hasan Hadi<\/span><\/a><\/p>","protected":false},"author":1,"featured_media":10806,"template":"","meta":{"_tribe_events_status":"","_tribe_events_status_reason":"","footnotes":""},"tags":[],"tribe_events_cat":[32],"class_list":["post-10805","tribe_events","type-tribe_events","status-publish","has-post-thumbnail","hentry","tribe_events_cat-proyecto-viridiana","cat_proyecto-viridiana","entry"],"_links":{"self":[{"href":"https:\/\/cineslys.com\/val\/wp-json\/wp\/v2\/tribe_events\/10805","targetHints":{"allow":["GET"]}}],"collection":[{"href":"https:\/\/cineslys.com\/val\/wp-json\/wp\/v2\/tribe_events"}],"about":[{"href":"https:\/\/cineslys.com\/val\/wp-json\/wp\/v2\/types\/tribe_events"}],"author":[{"embeddable":true,"href":"https:\/\/cineslys.com\/val\/wp-json\/wp\/v2\/users\/1"}],"version-history":[{"count":0,"href":"https:\/\/cineslys.com\/val\/wp-json\/wp\/v2\/tribe_events\/10805\/revisions"}],"wp:featuredmedia":[{"embeddable":true,"href":"https:\/\/cineslys.com\/val\/wp-json\/wp\/v2\/media\/10806"}],"wp:attachment":[{"href":"https:\/\/cineslys.com\/val\/wp-json\/wp\/v2\/media?parent=10805"}],"wp:term":[{"taxonomy":"post_tag","embeddable":true,"href":"https:\/\/cineslys.com\/val\/wp-json\/wp\/v2\/tags?post=10805"},{"taxonomy":"tribe_events_cat","embeddable":true,"href":"https:\/\/cineslys.com\/val\/wp-json\/wp\/v2\/tribe_events_cat?post=10805"}],"curies":[{"name":"wp","href":"https:\/\/api.w.org\/{rel}","templated":true}]}}