									
{"id":10877,"date":"2026-01-12T07:11:49","date_gmt":"2026-01-12T07:11:49","guid":{"rendered":"https:\/\/cineslys.com\/?post_type=tribe_events&#038;p=10877"},"modified":"2026-01-12T07:11:50","modified_gmt":"2026-01-12T07:11:50","slug":"adios-cuba-con-rolando-diaz","status":"publish","type":"tribe_events","link":"https:\/\/cineslys.com\/val\/calendario\/adios-cuba-con-rolando-diaz\/","title":{"rendered":"Adi\u00f3s Cuba con Rolando D\u00edaz"},"content":{"rendered":"<h3><b>Cine + Coloquio: Adi\u00f3s Cuba con Rolando D\u00edaz<\/b><\/h3>\n<h3><span style=\"color: #ff0000;\">Viernes<\/span> 23 de enero 20.30h<\/h3>\n<p>Vuelve el director cubano Rolando D\u00edaz a Cines Lys tras el \u00e9xito del primer pase donde hicimos sold out. El pr\u00f3ximo viernes 23 de enero tendremos un encuentro con \u00e9l donde podremos disfrutar de su \u00faltimo proyecto \u00abAdi\u00f3s Cuba\u00bb<\/p>\n<p><strong>Sinopsis: <\/strong>Caridad, una directora de teatro cubana exiliada en Valencia, Espa\u00f1a, se empe\u00f1a en montar una Obra sobre el \u00e9xodo de cubanos de la Isla. Para ello se propone dialogar con mujeres y hombres, que desde distintos confines le cuentan sus experiencias; todas, con riesgo para sus vidas.<br \/>\nCon esos testimonios dialogados, se propone desarrollar una puesta din\u00e1mica en escena que nos lleve a la emoci\u00f3n, el dolor y por momentos hasta a la risa, porque hasta en los peores momentos hay espacio para re\u00edr.<br \/>\nPara llevar adelante dicho sue\u00f1o, Caridad cuenta con amigos entra\u00f1ables, L\u00e1zaro, Regla y F\u00e1tima, todos cubanos residentes en Valencia, que la ayudar\u00e1n a buscar casos de fugas espectaculares ya montar un escenario ins\u00f3lito en medio de una perdida Nave Industrial que le permita a trav\u00e9s de la m\u00fasica, la palabra, la danza y la escenograf\u00eda expresar con fuerza su profunda mirada sobre el desarraigo, la nostalgia y la p\u00e9rdida.<\/p>\n<p><a href=\"https:\/\/www.reservaentradas.com\/entrada\/valencia\/cineslys\/adios-cuba\/376390\/?step=2\" rel=\"nofollow noopener\" target=\"_blank\"> <button>Reserva tu entrada<\/button> <\/a><\/p>\n<p><iframe title=\"ADI\u00d3S CUBA TRAILER OFICIAL\" width=\"750\" height=\"422\" src=\"https:\/\/www.youtube.com\/embed\/zDE7hD7a2HI?feature=oembed\" frameborder=\"0\" allow=\"accelerometer; autoplay; clipboard-write; encrypted-media; gyroscope; picture-in-picture; web-share\" referrerpolicy=\"strict-origin-when-cross-origin\" allowfullscreen><\/iframe><\/p>","protected":false},"excerpt":{"rendered":"<p>Cine + Coloquio: Adi\u00f3s Cuba con Rolando D\u00edaz Viernes 23 de enero 20.30h Vuelve el director cubano Rolando D\u00edaz a Cines Lys tras el \u00e9xito del primer pase donde hicimos&hellip; <a class=\"more-link\" href=\"https:\/\/cineslys.com\/val\/calendario\/adios-cuba-con-rolando-diaz\/\">Continue reading <span class=\"screen-reader-text\">Adi\u00f3s Cuba con Rolando D\u00edaz<\/span><\/a><\/p>","protected":false},"author":1,"featured_media":10878,"template":"","meta":{"_tribe_events_status":"","_tribe_events_status_reason":"","footnotes":""},"tags":[],"tribe_events_cat":[19],"class_list":["post-10877","tribe_events","type-tribe_events","status-publish","has-post-thumbnail","hentry","tribe_events_cat-visita-de-directores","cat_visita-de-directores","entry"],"_links":{"self":[{"href":"https:\/\/cineslys.com\/val\/wp-json\/wp\/v2\/tribe_events\/10877","targetHints":{"allow":["GET"]}}],"collection":[{"href":"https:\/\/cineslys.com\/val\/wp-json\/wp\/v2\/tribe_events"}],"about":[{"href":"https:\/\/cineslys.com\/val\/wp-json\/wp\/v2\/types\/tribe_events"}],"author":[{"embeddable":true,"href":"https:\/\/cineslys.com\/val\/wp-json\/wp\/v2\/users\/1"}],"version-history":[{"count":0,"href":"https:\/\/cineslys.com\/val\/wp-json\/wp\/v2\/tribe_events\/10877\/revisions"}],"wp:featuredmedia":[{"embeddable":true,"href":"https:\/\/cineslys.com\/val\/wp-json\/wp\/v2\/media\/10878"}],"wp:attachment":[{"href":"https:\/\/cineslys.com\/val\/wp-json\/wp\/v2\/media?parent=10877"}],"wp:term":[{"taxonomy":"post_tag","embeddable":true,"href":"https:\/\/cineslys.com\/val\/wp-json\/wp\/v2\/tags?post=10877"},{"taxonomy":"tribe_events_cat","embeddable":true,"href":"https:\/\/cineslys.com\/val\/wp-json\/wp\/v2\/tribe_events_cat?post=10877"}],"curies":[{"name":"wp","href":"https:\/\/api.w.org\/{rel}","templated":true}]}}