									
{"id":11004,"date":"2026-01-21T06:27:00","date_gmt":"2026-01-21T06:27:00","guid":{"rendered":"https:\/\/cineslys.com\/?post_type=tribe_events&#038;p=11004"},"modified":"2026-01-21T06:28:49","modified_gmt":"2026-01-21T06:28:49","slug":"andrea-bocelli-30-the-celebration","status":"publish","type":"tribe_events","link":"https:\/\/cineslys.com\/val\/calendario\/andrea-bocelli-30-the-celebration\/","title":{"rendered":"Andrea Bocelli 30: The Celebration"},"content":{"rendered":"<h3><strong>\u00d3pera La Gioconda desde N\u00e1poles<\/strong><\/h3>\n<h3><span style=\"font-size: 18px; font-weight: 600; letter-spacing: 0.9px;\">Domingo 22 de marzo 19:30h<\/span><\/h3>\n<p>El concierto Andrea Bocelli 30: The Celebration, celebrado en el Teatro del Silenzio en la Toscana en 2024, se erige como un evento cinematogr\u00e1fico global para conmemorar las tres d\u00e9cadas de carrera de uno de los tenores m\u00e1s admirados del mundo. Acompa\u00f1ado por la Orchestra Filarmonica Italiana bajo la direcci\u00f3n de Steven Mercurio, Bocelli ofreci\u00f3 un espect\u00e1culo monumental en el emblem\u00e1tico an teatro al aire libre que \u00e9l mismo impuls\u00f3 en su tierra natal. La velada reuni\u00f3 a invitados excepcionales como Zucchero, Nadine Sierra, Aida Garifullina, Pl\u00e1cido Domingo, David Foster, Celine Dion, Jon Batiste, Brian May y Will Smith, en un repertorio que combin\u00f3 grandes \u00e9xitos con momentos in\u00e9ditos de emoci\u00f3n. Una celebraci\u00f3n inolvidable de la voz de Bocelli, capaz de trascender generaciones, idiomas y fronteras, convertida ya en patrimonio universal de la m\u00fasica.<\/p>\n<p><a href=\"https:\/\/www.reservaentradas.com\/entrada\/valencia\/cineslys\/andrea-bocelli-30-the-celebration\/371168\/?step=2\" rel=\"nofollow noopener\" target=\"_blank\"><button>Reserva tu entrada<\/button><\/a><\/p>","protected":false},"excerpt":{"rendered":"<p>\u00d3pera La Gioconda desde N\u00e1poles Domingo 22 de marzo 19:30h El concierto Andrea Bocelli 30: The Celebration, celebrado en el Teatro del Silenzio en la Toscana en 2024, se erige&hellip; <a class=\"more-link\" href=\"https:\/\/cineslys.com\/val\/calendario\/andrea-bocelli-30-the-celebration\/\">Continue reading <span class=\"screen-reader-text\">Andrea Bocelli 30: The Celebration<\/span><\/a><\/p>","protected":false},"author":1,"featured_media":11005,"template":"","meta":{"_tribe_events_status":"","_tribe_events_status_reason":"","footnotes":""},"tags":[],"tribe_events_cat":[82],"class_list":["post-11004","tribe_events","type-tribe_events","status-publish","has-post-thumbnail","hentry","tribe_events_cat-opera-ballet","cat_opera-ballet","entry"],"_links":{"self":[{"href":"https:\/\/cineslys.com\/val\/wp-json\/wp\/v2\/tribe_events\/11004","targetHints":{"allow":["GET"]}}],"collection":[{"href":"https:\/\/cineslys.com\/val\/wp-json\/wp\/v2\/tribe_events"}],"about":[{"href":"https:\/\/cineslys.com\/val\/wp-json\/wp\/v2\/types\/tribe_events"}],"author":[{"embeddable":true,"href":"https:\/\/cineslys.com\/val\/wp-json\/wp\/v2\/users\/1"}],"version-history":[{"count":0,"href":"https:\/\/cineslys.com\/val\/wp-json\/wp\/v2\/tribe_events\/11004\/revisions"}],"wp:featuredmedia":[{"embeddable":true,"href":"https:\/\/cineslys.com\/val\/wp-json\/wp\/v2\/media\/11005"}],"wp:attachment":[{"href":"https:\/\/cineslys.com\/val\/wp-json\/wp\/v2\/media?parent=11004"}],"wp:term":[{"taxonomy":"post_tag","embeddable":true,"href":"https:\/\/cineslys.com\/val\/wp-json\/wp\/v2\/tags?post=11004"},{"taxonomy":"tribe_events_cat","embeddable":true,"href":"https:\/\/cineslys.com\/val\/wp-json\/wp\/v2\/tribe_events_cat?post=11004"}],"curies":[{"name":"wp","href":"https:\/\/api.w.org\/{rel}","templated":true}]}}