									
{"id":11063,"date":"2026-01-25T07:16:02","date_gmt":"2026-01-25T07:16:02","guid":{"rendered":"https:\/\/cineslys.com\/?post_type=tribe_events&#038;p=11063"},"modified":"2026-02-12T17:05:53","modified_gmt":"2026-02-12T17:05:53","slug":"cine-club-lys-tres-adioses-con-isabel-coixet","status":"publish","type":"tribe_events","link":"https:\/\/cineslys.com\/val\/calendario\/cine-club-lys-tres-adioses-con-isabel-coixet\/","title":{"rendered":"Cine Club Lys: Tres adioses con Isabel Coixet"},"content":{"rendered":"<h3><b>Cine Club Lys: Tres adioses, con presentaci\u00f3n y coloquio de Isabel Coixet<\/b><\/h3>\n<h3>Lunes 09 de febrero 16:30h, <span style=\"color: #ff0000;\"><strong>Nueva<\/strong> <\/span>17:00h (Solo presentaci\u00f3n) 18:00h y 19:30h<\/h3>\n<h6><a href=\"https:\/\/cineclublys.com\/matricula\/\" rel=\"nofollow noopener\" target=\"_blank\"><span style=\"color: #de0000;\">Matr\u00edcula abierta al 50% Cine Club Lys 2025-2026. Entra ahora y \u00fanete a esta gran familia cin\u00e9fila.<\/span><\/a><\/h6>\n<p>El lunes 16 de febrero tendremos la visita de Isabel Coixet qui\u00e9n vendr\u00e1 a presentar su \u00faltimo proyecto \u00abTres adioses\u00bb, pel\u00edcula que pudimos ver en el pasado Cita a Ciegas y que encant\u00f3 al p\u00fablico. Estar\u00e1 presente en los tres pases tanto para la presentaci\u00f3n como el coloquio. <a href=\"https:\/\/www.youtube.com\/watch?v=T1ghXy4GQkg\" rel=\"nofollow noopener\" target=\"_blank\">Os dejamos el v\u00eddeo con las reacciones del p\u00fablico.<\/a><\/p>\n<p><strong>Sinopsis: <\/strong>Tras lo que parec\u00eda una discusi\u00f3n sin importancia, Marta (Alba Rohrwacher) y Antonio (Elio Germano) se separan. \u00c9l, un chef prometedor, se refugia en sus fogones; ella, en su silencio, empieza a notar algo m\u00e1s que tristeza: ha perdido el apetito\u2026 y no solo por desamor. Cuando descubre que detr\u00e1s hay un problema de salud, todo da un giro inesperado: la comida sabe mejor, la m\u00fasica le llega como nunca y el deseo despierta sus ganas de vivir sin miedo.<\/p>\n<p><a href=\"https:\/\/www.reservaentradas.com\/sesiones\/valencia\/cineslys\/cine-club-lys-tres-adioses\/7016?proximamente=true&amp;\" rel=\"nofollow noopener\" target=\"_blank\"> <button>Reserva tu entrada<\/button> <\/a><\/p>\n<p><iframe title=\"Cita a Ciegas con el Cine: Tres adioses\" width=\"750\" height=\"422\" src=\"https:\/\/www.youtube.com\/embed\/T1ghXy4GQkg?feature=oembed\" frameborder=\"0\" allow=\"accelerometer; autoplay; clipboard-write; encrypted-media; gyroscope; picture-in-picture; web-share\" referrerpolicy=\"strict-origin-when-cross-origin\" allowfullscreen><\/iframe><\/p>","protected":false},"excerpt":{"rendered":"<p>Cine Club Lys: Tres adioses, con presentaci\u00f3n y coloquio de Isabel Coixet Lunes 09 de febrero 16:30h, Nueva 17:00h (Solo presentaci\u00f3n) 18:00h y 19:30h Matr\u00edcula abierta al 50% Cine Club&hellip; <a class=\"more-link\" href=\"https:\/\/cineslys.com\/val\/calendario\/cine-club-lys-tres-adioses-con-isabel-coixet\/\">Continue reading <span class=\"screen-reader-text\">Cine Club Lys: Tres adioses con Isabel Coixet<\/span><\/a><\/p>","protected":false},"author":1,"featured_media":11262,"template":"","meta":{"_tribe_events_status":"","_tribe_events_status_reason":"","footnotes":""},"tags":[],"tribe_events_cat":[18],"class_list":["post-11063","tribe_events","type-tribe_events","status-publish","has-post-thumbnail","hentry","tribe_events_cat-cine-club","cat_cine-club","entry"],"_links":{"self":[{"href":"https:\/\/cineslys.com\/val\/wp-json\/wp\/v2\/tribe_events\/11063","targetHints":{"allow":["GET"]}}],"collection":[{"href":"https:\/\/cineslys.com\/val\/wp-json\/wp\/v2\/tribe_events"}],"about":[{"href":"https:\/\/cineslys.com\/val\/wp-json\/wp\/v2\/types\/tribe_events"}],"author":[{"embeddable":true,"href":"https:\/\/cineslys.com\/val\/wp-json\/wp\/v2\/users\/1"}],"version-history":[{"count":5,"href":"https:\/\/cineslys.com\/val\/wp-json\/wp\/v2\/tribe_events\/11063\/revisions"}],"predecessor-version":[{"id":11263,"href":"https:\/\/cineslys.com\/val\/wp-json\/wp\/v2\/tribe_events\/11063\/revisions\/11263"}],"wp:featuredmedia":[{"embeddable":true,"href":"https:\/\/cineslys.com\/val\/wp-json\/wp\/v2\/media\/11262"}],"wp:attachment":[{"href":"https:\/\/cineslys.com\/val\/wp-json\/wp\/v2\/media?parent=11063"}],"wp:term":[{"taxonomy":"post_tag","embeddable":true,"href":"https:\/\/cineslys.com\/val\/wp-json\/wp\/v2\/tags?post=11063"},{"taxonomy":"tribe_events_cat","embeddable":true,"href":"https:\/\/cineslys.com\/val\/wp-json\/wp\/v2\/tribe_events_cat?post=11063"}],"curies":[{"name":"wp","href":"https:\/\/api.w.org\/{rel}","templated":true}]}}