									
{"id":11613,"date":"2026-03-13T09:21:25","date_gmt":"2026-03-13T09:21:25","guid":{"rendered":"https:\/\/cineslys.com\/?post_type=tribe_events&#038;p=11613"},"modified":"2026-04-01T09:29:46","modified_gmt":"2026-04-01T08:29:46","slug":"cine-club-lys-altas-capacidad","status":"publish","type":"tribe_events","link":"https:\/\/cineslys.com\/val\/calendario\/cine-club-lys-altas-capacidad\/","title":{"rendered":"Cine Club Lys: Altas capacidades"},"content":{"rendered":"<h3><b>Cine Club Lys: Altas capacidades<\/b><\/h3>\n<h3><span style=\"color: #ff0000;\">Martes<\/span> 14 de abril 16:30h, 18:00h y 19:30h<\/h3>\n<h6><a href=\"https:\/\/cineclublys.com\/matricula\/\" rel=\"nofollow noopener\" target=\"_blank\"><span style=\"color: #de0000;\">Matr\u00edcula abierta al 50% Cine Club Lys 2025-2026. Entra ahora y \u00fanete a esta gran familia cin\u00e9fila.<\/span><\/a><\/h6>\n<p>El pr\u00f3ximo martes 14 de abril tendremos al director <strong>V\u00edctor Garc\u00eda Le\u00f3n y al guionista Borja Cobeaga<\/strong> que dar\u00e1n un coloquio en los tres pases con su \u00faltima pel\u00edcula <strong>Altas capacidades.<\/strong><\/p>\n<p><strong>Sinopsis: <\/strong>Alicia y Gonzalo, una pareja de clase media, se encuentran con la oportunidad de matricular a su hijo Fer en un colegio laico de \u00e9lite. Para los padres supone asomar la cabeza en la clase alta, nuevas amistades, mayores ingresos, ventajas incontables. Dicen hacerlo por su hijo. En esta maravillosa contradicci\u00f3n entre los miedos y los principios morales, las aspiraciones de la pareja se llevar\u00e1n por delante lo que, hasta entonces, cre\u00edan incuestionable.<\/p>\n<p><a href=\"https:\/\/www.reservaentradas.com\/sesiones\/valencia\/cineslys\/cine-club-lys-altas-capacidades\/7082?proximamente=true&amp;\" rel=\"nofollow noopener\" target=\"_blank\"> <button>Reserva tu entrada<\/button> <\/a><\/p>\n<p><iframe title=\"ALTAS CAPACIDADES\" width=\"750\" height=\"422\" src=\"https:\/\/www.youtube.com\/embed\/E3UWcrPLnhc?feature=oembed\" frameborder=\"0\" allow=\"accelerometer; autoplay; clipboard-write; encrypted-media; gyroscope; picture-in-picture; web-share\" referrerpolicy=\"strict-origin-when-cross-origin\" allowfullscreen><\/iframe><\/p>","protected":false},"excerpt":{"rendered":"<p>Cine Club Lys: Altas capacidades Martes 14 de abril 16:30h, 18:00h y 19:30h Matr\u00edcula abierta al 50% Cine Club Lys 2025-2026. Entra ahora y \u00fanete a esta gran familia cin\u00e9fila.&hellip; <a class=\"more-link\" href=\"https:\/\/cineslys.com\/val\/calendario\/cine-club-lys-altas-capacidad\/\">Continue reading <span class=\"screen-reader-text\">Cine Club Lys: Altas capacidades<\/span><\/a><\/p>","protected":false},"author":1,"featured_media":11797,"template":"","meta":{"_tribe_events_status":"","_tribe_events_status_reason":"","footnotes":""},"tags":[],"tribe_events_cat":[18],"class_list":["post-11613","tribe_events","type-tribe_events","status-publish","has-post-thumbnail","hentry","tribe_events_cat-cine-club","cat_cine-club","entry"],"_links":{"self":[{"href":"https:\/\/cineslys.com\/val\/wp-json\/wp\/v2\/tribe_events\/11613","targetHints":{"allow":["GET"]}}],"collection":[{"href":"https:\/\/cineslys.com\/val\/wp-json\/wp\/v2\/tribe_events"}],"about":[{"href":"https:\/\/cineslys.com\/val\/wp-json\/wp\/v2\/types\/tribe_events"}],"author":[{"embeddable":true,"href":"https:\/\/cineslys.com\/val\/wp-json\/wp\/v2\/users\/1"}],"version-history":[{"count":3,"href":"https:\/\/cineslys.com\/val\/wp-json\/wp\/v2\/tribe_events\/11613\/revisions"}],"predecessor-version":[{"id":11618,"href":"https:\/\/cineslys.com\/val\/wp-json\/wp\/v2\/tribe_events\/11613\/revisions\/11618"}],"wp:featuredmedia":[{"embeddable":true,"href":"https:\/\/cineslys.com\/val\/wp-json\/wp\/v2\/media\/11797"}],"wp:attachment":[{"href":"https:\/\/cineslys.com\/val\/wp-json\/wp\/v2\/media?parent=11613"}],"wp:term":[{"taxonomy":"post_tag","embeddable":true,"href":"https:\/\/cineslys.com\/val\/wp-json\/wp\/v2\/tags?post=11613"},{"taxonomy":"tribe_events_cat","embeddable":true,"href":"https:\/\/cineslys.com\/val\/wp-json\/wp\/v2\/tribe_events_cat?post=11613"}],"curies":[{"name":"wp","href":"https:\/\/api.w.org\/{rel}","templated":true}]}}