									
{"id":1542,"date":"2023-10-06T07:31:12","date_gmt":"2023-10-06T07:31:12","guid":{"rendered":"https:\/\/cineslys.com\/?post_type=tribe_events&#038;p=1542"},"modified":"2023-10-19T11:56:18","modified_gmt":"2023-10-19T11:56:18","slug":"taylor-swift-the-eras-tour","status":"publish","type":"tribe_events","link":"https:\/\/cineslys.com\/val\/calendario\/taylor-swift-the-eras-tour\/","title":{"rendered":"Taylor Swift \u00abThe Eras Tour\u00bb"},"content":{"rendered":"<p>Del jueves 19 al domingo 22 de octubre tendremos en Cines Lys a Taylor Swift en la gran pantalla con su concierto \u00abThe Eras Tour\u00bb: \u00a1El fen\u00f3meno cultural contin\u00faa en la gran pantalla!<\/p>\n<p>\u00a1Vive en primera persona este fen\u00f3meno \u00fanico en la vida!<\/p>\n<p>Disfruta de una vista impresionante, desde la pantalla grande, de la gira hist\u00f3rica de Taylor Swift con THE ERAS TOUR Concert Film.<\/p>\n<p>Emb\u00e1rcate en la aventura que recoge 17 a\u00f1os de la carrera musical de una de las artistas con m\u00e1s repercusi\u00f3n mundial. El espect\u00e1culo que que recoge todos sus \u00e1lbumes en uno.<\/p>\n<p>\u00abUna vuelta triunfal a lo largo de toda su carrera\u00bb Rolling Stone<\/p>\n<p>\u00abEl espect\u00e1culo m\u00e1s impresionante nunca antes visto\u00bb UPROXX<\/p>\n<p><a href=\"https:\/\/www.reservaentradas.com\/sesiones\/valencia\/cineslys\/taylor-swift-i-the-eras-tour\/5878?proximamente=true&amp;\" rel=\"nofollow noopener\" target=\"_blank\"> <button>Comprar entradas<\/button> <\/a><\/p>","protected":false},"excerpt":{"rendered":"<p>Del jueves 19 al domingo 22 de octubre tendremos en Cines Lys a Taylor Swift en la gran pantalla con su concierto \u00abThe Eras Tour\u00bb: \u00a1El fen\u00f3meno cultural contin\u00faa en&hellip; <a class=\"more-link\" href=\"https:\/\/cineslys.com\/val\/calendario\/taylor-swift-the-eras-tour\/\">Continue reading <span class=\"screen-reader-text\">Taylor Swift \u00abThe Eras Tour\u00bb<\/span><\/a><\/p>","protected":false},"author":1,"featured_media":1544,"template":"","meta":{"_tribe_events_status":"","_tribe_events_status_reason":"","footnotes":""},"tags":[],"tribe_events_cat":[25,24],"class_list":["post-1542","tribe_events","type-tribe_events","status-publish","has-post-thumbnail","hentry","tribe_events_cat-conciertos-en-cine","tribe_events_cat-eventos","cat_conciertos-en-cine","cat_eventos","entry"],"_links":{"self":[{"href":"https:\/\/cineslys.com\/val\/wp-json\/wp\/v2\/tribe_events\/1542","targetHints":{"allow":["GET"]}}],"collection":[{"href":"https:\/\/cineslys.com\/val\/wp-json\/wp\/v2\/tribe_events"}],"about":[{"href":"https:\/\/cineslys.com\/val\/wp-json\/wp\/v2\/types\/tribe_events"}],"author":[{"embeddable":true,"href":"https:\/\/cineslys.com\/val\/wp-json\/wp\/v2\/users\/1"}],"version-history":[{"count":0,"href":"https:\/\/cineslys.com\/val\/wp-json\/wp\/v2\/tribe_events\/1542\/revisions"}],"wp:featuredmedia":[{"embeddable":true,"href":"https:\/\/cineslys.com\/val\/wp-json\/wp\/v2\/media\/1544"}],"wp:attachment":[{"href":"https:\/\/cineslys.com\/val\/wp-json\/wp\/v2\/media?parent=1542"}],"wp:term":[{"taxonomy":"post_tag","embeddable":true,"href":"https:\/\/cineslys.com\/val\/wp-json\/wp\/v2\/tags?post=1542"},{"taxonomy":"tribe_events_cat","embeddable":true,"href":"https:\/\/cineslys.com\/val\/wp-json\/wp\/v2\/tribe_events_cat?post=1542"}],"curies":[{"name":"wp","href":"https:\/\/api.w.org\/{rel}","templated":true}]}}