									
{"id":1576,"date":"2023-10-09T16:51:26","date_gmt":"2023-10-09T16:51:26","guid":{"rendered":"https:\/\/cineslys.com\/?post_type=tribe_events&#038;p=1576"},"modified":"2023-10-09T16:57:52","modified_gmt":"2023-10-09T16:57:52","slug":"nabucco-opera-diferido-desde-teatro-real-madrid","status":"publish","type":"tribe_events","link":"https:\/\/cineslys.com\/val\/calendario\/nabucco-opera-diferido-desde-teatro-real-madrid\/","title":{"rendered":"Nabucco &#8211; \u00d3pera diferido desde Teatro Real Madrid"},"content":{"rendered":"<p><em>Nabucco\u00a0<\/em>se presentar\u00e1 en la producci\u00f3n de Andreas Homoki que, con un suntuoso vestuario de \u00e9poca de Susana Mendoza y una escena minimalista de Wolfgang Gussmann, traslada la acci\u00f3n a la Italia de los tiempos de Verdi y sit\u00faa el foco, ya desde la obertura, en las relaciones familiares que constituyen el verdadero n\u00facleo de este pasional drama.<\/p>\n<p>M\u00fasica: Giuseppe Verdi<\/p>\n<p>Director musical:\u00a0Nicola Luisotti<\/p>\n<p>Director art\u00edstico:\u00a0Andreas Homoki<\/p>\n<p>Reparto:<strong><br \/>\n<\/strong><strong>Nabucco\u00a0<\/strong>|\u00a0George Gagnidze<br \/>\n<strong>Ismaele\u00a0<\/strong>I Michael Fabiano<br \/>\n<b>Zaccaria\u00a0<\/b>I Roberto Tagliavini<br \/>\n<b>Abigaille\u00a0<\/b>I Saioa Hern\u00e1ndez<br \/>\n<b>Fenena\u00a0<\/b>I Elena Maximova<br \/>\n<b>El Gran Sacerdote\u00a0<\/b>I Simon Lim<br \/>\n<b>Abdallo\u00a0<\/b>I Fabi\u00e1n Lara<br \/>\n<b>Anna\u00a0<\/b>I Maribel Ortega<\/p>\n<p>Producci\u00f3n: 2022<br \/>\nDuraci\u00f3n aproximada: 150 minutos<br \/>\nCantada en Italiano con subt\u00edtulos en castellano<\/p>\n<p><a href=\"https:\/\/www.reservaentradas.com\/sesiones\/valencia\/cineslys\/nabucco-opera-diferido-19-10-23\/5833\" rel=\"nofollow noopener\" target=\"_blank\"> <button>Comprar entradas<\/button> <\/a><\/p>","protected":false},"excerpt":{"rendered":"<p>Nabucco\u00a0se presentar\u00e1 en la producci\u00f3n de Andreas Homoki que, con un suntuoso vestuario de \u00e9poca de Susana Mendoza y una escena minimalista de Wolfgang Gussmann, traslada la acci\u00f3n a la&hellip; <a class=\"more-link\" href=\"https:\/\/cineslys.com\/val\/calendario\/nabucco-opera-diferido-desde-teatro-real-madrid\/\">Continue reading <span class=\"screen-reader-text\">Nabucco &#8211; \u00d3pera diferido desde Teatro Real Madrid<\/span><\/a><\/p>","protected":false},"author":1,"featured_media":1577,"template":"","meta":{"_tribe_events_status":"","_tribe_events_status_reason":"","footnotes":""},"tags":[27,29],"tribe_events_cat":[24],"class_list":["post-1576","tribe_events","type-tribe_events","status-publish","has-post-thumbnail","hentry","tag-eventos","tag-opera-en-cine","tribe_events_cat-eventos","cat_eventos","entry"],"_links":{"self":[{"href":"https:\/\/cineslys.com\/val\/wp-json\/wp\/v2\/tribe_events\/1576","targetHints":{"allow":["GET"]}}],"collection":[{"href":"https:\/\/cineslys.com\/val\/wp-json\/wp\/v2\/tribe_events"}],"about":[{"href":"https:\/\/cineslys.com\/val\/wp-json\/wp\/v2\/types\/tribe_events"}],"author":[{"embeddable":true,"href":"https:\/\/cineslys.com\/val\/wp-json\/wp\/v2\/users\/1"}],"version-history":[{"count":0,"href":"https:\/\/cineslys.com\/val\/wp-json\/wp\/v2\/tribe_events\/1576\/revisions"}],"wp:featuredmedia":[{"embeddable":true,"href":"https:\/\/cineslys.com\/val\/wp-json\/wp\/v2\/media\/1577"}],"wp:attachment":[{"href":"https:\/\/cineslys.com\/val\/wp-json\/wp\/v2\/media?parent=1576"}],"wp:term":[{"taxonomy":"post_tag","embeddable":true,"href":"https:\/\/cineslys.com\/val\/wp-json\/wp\/v2\/tags?post=1576"},{"taxonomy":"tribe_events_cat","embeddable":true,"href":"https:\/\/cineslys.com\/val\/wp-json\/wp\/v2\/tribe_events_cat?post=1576"}],"curies":[{"name":"wp","href":"https:\/\/api.w.org\/{rel}","templated":true}]}}