									
{"id":1581,"date":"2023-10-09T17:03:57","date_gmt":"2023-10-09T17:03:57","guid":{"rendered":"https:\/\/cineslys.com\/?post_type=tribe_events&#038;p=1581"},"modified":"2023-10-31T12:32:21","modified_gmt":"2023-10-31T12:32:21","slug":"esta-ambicion-desmedida-de-c-tangana-en-cines-lys","status":"publish","type":"tribe_events","link":"https:\/\/cineslys.com\/val\/calendario\/esta-ambicion-desmedida-de-c-tangana-en-cines-lys\/","title":{"rendered":"Esta ambici\u00f3n desmedida de C. Tangana en Cines Lys"},"content":{"rendered":"<p>Despu\u00e9s del \u00e9xito del disco de &#8216;El Madrile\u00f1o&#8217;, C. Tangana se enfrenta al reto de crear la gira m\u00e1s ambiciosa de su carrera y revolucionar el concepto del directo. Un viaje que sigue al artista durante m\u00e1s de cuatro a\u00f1os. Desde la g\u00e9nesis del disco en Cuba hasta la conceptualizaci\u00f3n del show, la hostilidad de las negociaciones, los ensayos, las conversaciones inc\u00f3modas, las celebraciones m\u00e1s \u00edntimas y la vor\u00e1gine de conciertos por toda Espa\u00f1a y Latinoam\u00e9rica.<\/p>\n<p>Una tragedia en tres actos.<\/p>\n<p><a href=\"https:\/\/www.reservaentradas.com\/sesiones\/valencia\/cineslys\/esta-ambicion-desmedida\/5882\" rel=\"nofollow noopener\" target=\"_blank\"> <button>Comprar entradas<\/button> <\/a><\/p>","protected":false},"excerpt":{"rendered":"<p>Despu\u00e9s del \u00e9xito del disco de &#8216;El Madrile\u00f1o&#8217;, C. Tangana se enfrenta al reto de crear la gira m\u00e1s ambiciosa de su carrera y revolucionar el concepto del directo. Un&hellip; <a class=\"more-link\" href=\"https:\/\/cineslys.com\/val\/calendario\/esta-ambicion-desmedida-de-c-tangana-en-cines-lys\/\">Continue reading <span class=\"screen-reader-text\">Esta ambici\u00f3n desmedida de C. Tangana en Cines Lys<\/span><\/a><\/p>","protected":false},"author":1,"featured_media":1582,"template":"","meta":{"_tribe_events_status":"","_tribe_events_status_reason":"","footnotes":""},"tags":[27],"tribe_events_cat":[25],"class_list":["post-1581","tribe_events","type-tribe_events","status-publish","has-post-thumbnail","hentry","tag-eventos","tribe_events_cat-conciertos-en-cine","cat_conciertos-en-cine","entry"],"_links":{"self":[{"href":"https:\/\/cineslys.com\/val\/wp-json\/wp\/v2\/tribe_events\/1581","targetHints":{"allow":["GET"]}}],"collection":[{"href":"https:\/\/cineslys.com\/val\/wp-json\/wp\/v2\/tribe_events"}],"about":[{"href":"https:\/\/cineslys.com\/val\/wp-json\/wp\/v2\/types\/tribe_events"}],"author":[{"embeddable":true,"href":"https:\/\/cineslys.com\/val\/wp-json\/wp\/v2\/users\/1"}],"version-history":[{"count":0,"href":"https:\/\/cineslys.com\/val\/wp-json\/wp\/v2\/tribe_events\/1581\/revisions"}],"wp:featuredmedia":[{"embeddable":true,"href":"https:\/\/cineslys.com\/val\/wp-json\/wp\/v2\/media\/1582"}],"wp:attachment":[{"href":"https:\/\/cineslys.com\/val\/wp-json\/wp\/v2\/media?parent=1581"}],"wp:term":[{"taxonomy":"post_tag","embeddable":true,"href":"https:\/\/cineslys.com\/val\/wp-json\/wp\/v2\/tags?post=1581"},{"taxonomy":"tribe_events_cat","embeddable":true,"href":"https:\/\/cineslys.com\/val\/wp-json\/wp\/v2\/tribe_events_cat?post=1581"}],"curies":[{"name":"wp","href":"https:\/\/api.w.org\/{rel}","templated":true}]}}