									
{"id":1628,"date":"2023-10-14T11:56:54","date_gmt":"2023-10-14T11:56:54","guid":{"rendered":"https:\/\/cineslys.com\/?post_type=tribe_events&#038;p=1628"},"modified":"2023-10-14T11:56:55","modified_gmt":"2023-10-14T11:56:55","slug":"cine-club-lys-al-otro-lado-del-rio-y-entre-los-arboles","status":"publish","type":"tribe_events","link":"https:\/\/cineslys.com\/val\/calendario\/cine-club-lys-al-otro-lado-del-rio-y-entre-los-arboles\/","title":{"rendered":"Cine Club Lys: Al otro lado del r\u00edo y entre los \u00e1rboles"},"content":{"rendered":"<p>Pase exclusivo para miembros de<strong> Cine <span style=\"color: #ff0000;\">Club<\/span> Lys<\/strong>, <a href=\"https:\/\/cineclublys.com\/matricula\/\" rel=\"nofollow noopener\" target=\"_blank\">matr\u00edcula abierta<\/a>.<\/p>\n<p>Para el lunes 23 de octubre contaremos con la visita del director de fotograf\u00eda de la pel\u00edcula <strong>\u00abAl otro lado del r\u00edo y entre los \u00e1rboles\u00bb Javier Aguirresarobe. <\/strong><\/p>\n<p>Considerado uno de los directores de fotograf\u00eda m\u00e1s prestigiosos del mundo, el guipuzcoano Javier Aguirresarobe cuenta en su haber con m\u00e1s de 50 largometrajes y ha trabajado con los m\u00e1s grandes directores de cine dentro y fuera de Espa\u00f1a: Fernando Trueba (La ni\u00f1a de tus ojos), Carlos Saura (Dispara), Pedro Almod\u00f3var (Hable con ella), Alejandro Amen\u00e1bar (Los otros, Mar adentro), Pilar Mir\u00f3 (El perro del Hortelano), Montxo Armend\u00e1riz (Obaba), Julio Medem (Tierra), Woody Allen (Vicky Cristina Barcelona, Blue Jasmine) o Milos Forman (Los fantasmas de Goya), entre otros muchos.<\/p>\n<p>Premio Nacional de Cinematograf\u00eda en el 2004, seis premios Goya (de 11 candidaturas), Oso de Plata en Berl\u00edn (Beltenebros) y miembro de la Academia de las Artes y las Ciencias Cinematogr\u00e1ficas de Hollywood, sus \u00faltimos trabajos, incluyen la fotograf\u00eda de la saga Crep\u00fasculo y del remake del cl\u00e1sico de terror Poltergeist.<\/p>\n<p><strong>Sinopsis<\/strong>: <span style=\"background-color: var(--global--color-background); color: var(--global--color-primary); font-family: var(--global--font-secondary); font-size: var(--global--font-size-base);\">Italia, despu\u00e9s de la Segunda Guerra Mundial. Richard Cantwell es un coronel del ej\u00e9rcito estadounidense atormentado por la guerra, que se enfrenta a la noticia de que padece una enfermedad terminal con estoica indiferencia. Un encuentro casual con una joven comienza a reavivar en \u00e9l la esperanza de renovarse.<\/span><\/p>\n<p><a href=\"https:\/\/www.reservaentradas.com\/sesiones\/valencia\/cineslys\/cine-club-lys-al-otro-lado-del-rio-y-entre-los-arboles\/5892\" rel=\"nofollow noopener\" target=\"_blank\"> <button>Comprar entradas<\/button> <\/a><\/p>","protected":false},"excerpt":{"rendered":"<p>Pase exclusivo para miembros de Cine Club Lys, matr\u00edcula abierta. Para el lunes 23 de octubre contaremos con la visita del director de fotograf\u00eda de la pel\u00edcula \u00abAl otro lado&hellip; <a class=\"more-link\" href=\"https:\/\/cineslys.com\/val\/calendario\/cine-club-lys-al-otro-lado-del-rio-y-entre-los-arboles\/\">Continue reading <span class=\"screen-reader-text\">Cine Club Lys: Al otro lado del r\u00edo y entre los \u00e1rboles<\/span><\/a><\/p>","protected":false},"author":1,"featured_media":1639,"template":"","meta":{"_tribe_events_status":"","_tribe_events_status_reason":"","footnotes":""},"tags":[31],"tribe_events_cat":[18,24,19],"class_list":["post-1628","tribe_events","type-tribe_events","status-publish","has-post-thumbnail","hentry","tag-cine-club-lys","tribe_events_cat-cine-club","tribe_events_cat-eventos","tribe_events_cat-visita-de-directores","cat_cine-club","cat_eventos","cat_visita-de-directores","entry"],"_links":{"self":[{"href":"https:\/\/cineslys.com\/val\/wp-json\/wp\/v2\/tribe_events\/1628","targetHints":{"allow":["GET"]}}],"collection":[{"href":"https:\/\/cineslys.com\/val\/wp-json\/wp\/v2\/tribe_events"}],"about":[{"href":"https:\/\/cineslys.com\/val\/wp-json\/wp\/v2\/types\/tribe_events"}],"author":[{"embeddable":true,"href":"https:\/\/cineslys.com\/val\/wp-json\/wp\/v2\/users\/1"}],"version-history":[{"count":0,"href":"https:\/\/cineslys.com\/val\/wp-json\/wp\/v2\/tribe_events\/1628\/revisions"}],"wp:featuredmedia":[{"embeddable":true,"href":"https:\/\/cineslys.com\/val\/wp-json\/wp\/v2\/media\/1639"}],"wp:attachment":[{"href":"https:\/\/cineslys.com\/val\/wp-json\/wp\/v2\/media?parent=1628"}],"wp:term":[{"taxonomy":"post_tag","embeddable":true,"href":"https:\/\/cineslys.com\/val\/wp-json\/wp\/v2\/tags?post=1628"},{"taxonomy":"tribe_events_cat","embeddable":true,"href":"https:\/\/cineslys.com\/val\/wp-json\/wp\/v2\/tribe_events_cat?post=1628"}],"curies":[{"name":"wp","href":"https:\/\/api.w.org\/{rel}","templated":true}]}}