									
{"id":2735,"date":"2024-02-04T20:16:22","date_gmt":"2024-02-04T20:16:22","guid":{"rendered":"https:\/\/cineslys.com\/?post_type=tribe_events&#038;p=2735"},"modified":"2024-02-05T12:03:56","modified_gmt":"2024-02-05T12:03:56","slug":"version-digital-rigoletto-diferido","status":"publish","type":"tribe_events","link":"https:\/\/cineslys.com\/val\/calendario\/version-digital-rigoletto-diferido\/","title":{"rendered":"Versi\u00f3n Digital: Rigoletto (Diferido)"},"content":{"rendered":"<p><strong>Precio Socio\/a a 9\u20ac. <a href=\"https:\/\/cineslys.com\/val\/socios\/\">Hazte socio de Cines Lys Valencia<\/a>.<\/strong><\/p>\n<p>Miguel del Arco, director de escena, es conocido por ser el director de la obra teatral Jaur\u00eda, en la que se inspira esta nueva producci\u00f3n. En esta ocasi\u00f3n, y para mostrar este libreto de drama, pasi\u00f3n, enga\u00f1o y venganza, representado en m\u00e1s de 300 ocasiones en el Teatro Real, el director de escena utilizar\u00e1 el cortejo y secuestro de Gilda, hija del protagonista, para enfatizar la indefensi\u00f3n de una mujer frente a un grupo de hombres en el que se discute el concepto de la masculinidad de la sociedad. Con las grandes voces de Javier Camarena, Ludovic T\u00e9zier y Adela Zaharia.<\/p>\n<p>Elevar a un buf\u00f3n a una estatura tr\u00e1gica digna de un Macbeth o un Lear es un reto al alcance de muy pocos, y m\u00e1s cuando se acomete por primera vez en la historia de la \u00f3pera. La sustancia dram\u00e1tica shakesperiana recorre las venas de este Rigoletto, aunque su trama proceda en realidad del pol\u00e9mico Le roi s\u2019amuse de Victor Hugo.<\/p>\n<p>Esta obra permaneci\u00f3 prohibida en Francia durante m\u00e1s de cincuenta a\u00f1os, pero los censores austriacos se conformaron con degradar al monarca del t\u00edtulo a la categor\u00eda de duque para menguar las dimensiones del magnicidio \u2014en grado de tentativa\u2014 que constituye el nudo de la trama. Pasaron por alto, sin embargo, los cruciales mon\u00f3logos del buf\u00f3n \u2014\u00abParisiamo\u00bb y \u00abCortigiani\u00bb\u2014, convertidos gracias a la m\u00fasica de Verdi en dos insospechadas expresiones de protesta y resentimiento social.<\/p>\n<p><a href=\"https:\/\/www.reservaentradas.com\/entrada\/valencia\/cineslys\/rigoletto-opera-diferido-07-03-24\/343210\/?step=2\" rel=\"nofollow noopener\" target=\"_blank\"> <button>Comprar entradas<\/button> <\/a><\/p>\n<p><img fetchpriority=\"high\" decoding=\"async\" class=\"alignnone size-full wp-image-2757\" src=\"https:\/\/cineslys.com\/wp-content\/uploads\/2024\/02\/rigoletto_01.jpg\" alt=\"\" width=\"1024\" height=\"768\" title=\"\" srcset=\"https:\/\/cineslys.com\/wp-content\/uploads\/2024\/02\/rigoletto_01.jpg 1024w, https:\/\/cineslys.com\/wp-content\/uploads\/2024\/02\/rigoletto_01-300x225.jpg 300w, https:\/\/cineslys.com\/wp-content\/uploads\/2024\/02\/rigoletto_01-768x576.jpg 768w\" sizes=\"(max-width: 1024px) 100vw, 1024px\" \/><\/p>","protected":false},"excerpt":{"rendered":"<p>Precio Socio\/a a 9\u20ac. Hazte socio de Cines Lys Valencia. Miguel del Arco, director de escena, es conocido por ser el director de la obra teatral Jaur\u00eda, en la que&hellip; <a class=\"more-link\" href=\"https:\/\/cineslys.com\/val\/calendario\/version-digital-rigoletto-diferido\/\">Continue reading <span class=\"screen-reader-text\">Versi\u00f3n Digital: Rigoletto (Diferido)<\/span><\/a><\/p>","protected":false},"author":1,"featured_media":2755,"template":"","meta":{"_tribe_events_status":"","_tribe_events_status_reason":"","footnotes":""},"tags":[],"tribe_events_cat":[24],"class_list":["post-2735","tribe_events","type-tribe_events","status-publish","has-post-thumbnail","hentry","tribe_events_cat-eventos","cat_eventos","entry"],"_links":{"self":[{"href":"https:\/\/cineslys.com\/val\/wp-json\/wp\/v2\/tribe_events\/2735","targetHints":{"allow":["GET"]}}],"collection":[{"href":"https:\/\/cineslys.com\/val\/wp-json\/wp\/v2\/tribe_events"}],"about":[{"href":"https:\/\/cineslys.com\/val\/wp-json\/wp\/v2\/types\/tribe_events"}],"author":[{"embeddable":true,"href":"https:\/\/cineslys.com\/val\/wp-json\/wp\/v2\/users\/1"}],"version-history":[{"count":0,"href":"https:\/\/cineslys.com\/val\/wp-json\/wp\/v2\/tribe_events\/2735\/revisions"}],"wp:featuredmedia":[{"embeddable":true,"href":"https:\/\/cineslys.com\/val\/wp-json\/wp\/v2\/media\/2755"}],"wp:attachment":[{"href":"https:\/\/cineslys.com\/val\/wp-json\/wp\/v2\/media?parent=2735"}],"wp:term":[{"taxonomy":"post_tag","embeddable":true,"href":"https:\/\/cineslys.com\/val\/wp-json\/wp\/v2\/tags?post=2735"},{"taxonomy":"tribe_events_cat","embeddable":true,"href":"https:\/\/cineslys.com\/val\/wp-json\/wp\/v2\/tribe_events_cat?post=2735"}],"curies":[{"name":"wp","href":"https:\/\/api.w.org\/{rel}","templated":true}]}}