									
{"id":4093,"date":"2024-06-03T09:43:38","date_gmt":"2024-06-03T09:43:38","guid":{"rendered":"https:\/\/cineslys.com\/?post_type=tribe_events&#038;p=4093"},"modified":"2024-06-06T07:03:05","modified_gmt":"2024-06-06T07:03:05","slug":"cine-club-lys-segundo-premio","status":"publish","type":"tribe_events","link":"https:\/\/cineslys.com\/val\/calendario\/cine-club-lys-segundo-premio\/","title":{"rendered":"Cine Club Lys: Segundo Premio"},"content":{"rendered":"<p>El 10 de junio veremos en <strong>Cine Club Lys<\/strong> \u00abSegundo Premio\u00bb, con visita de Pol Rodr\u00edguez, quien vendr\u00e1 a los Cines Lys a presentar la pel\u00edcula y tener un posterior coloquio con el p\u00fablico<\/p>\n<p><strong>Sinopsis<\/strong>: Granada, finales de los 90. En plena efervescencia art\u00edstica y cultural, un grupo de m\u00fasica indie vive su momento m\u00e1s delicado: la bajista rompe con la banda buscando su sitio fuera de la m\u00fasica y el guitarrista est\u00e1 inmerso en una peligrosa espiral de autodestrucci\u00f3n. Mientras, el cantante se enfrenta a un complicado proceso de escritura y grabaci\u00f3n de su tercer disco. Nadie sabe que ese disco cambiar\u00e1 para siempre la escena musical de todo el pa\u00eds. Esta (no) es una pel\u00edcula sobre los Planetas.<\/p>\n<p><a href=\"https:\/\/www.reservaentradas.com\/sesiones\/valencia\/cineslys\/cine-club-lys-segundo-premio\/6164?proximamente=true&amp;\" rel=\"nofollow noopener\" target=\"_blank\"> <button>Entradas a la venta<\/button> <\/a><\/p>\n<p><iframe title=\"SEGUNDO PREMIO\" width=\"750\" height=\"422\" src=\"https:\/\/www.youtube.com\/embed\/eKpv5ZHQKN0?feature=oembed\" frameborder=\"0\" allow=\"accelerometer; autoplay; clipboard-write; encrypted-media; gyroscope; picture-in-picture; web-share\" referrerpolicy=\"strict-origin-when-cross-origin\" allowfullscreen><\/iframe><\/p>\n<p>&nbsp;<\/p>","protected":false},"excerpt":{"rendered":"<p>El 10 de junio veremos en Cine Club Lys \u00abSegundo Premio\u00bb, con visita de Pol Rodr\u00edguez, quien vendr\u00e1 a los Cines Lys a presentar la pel\u00edcula y tener un posterior&hellip; <a class=\"more-link\" href=\"https:\/\/cineslys.com\/val\/calendario\/cine-club-lys-segundo-premio\/\">Continue reading <span class=\"screen-reader-text\">Cine Club Lys: Segundo Premio<\/span><\/a><\/p>","protected":false},"author":1,"featured_media":4179,"template":"","meta":{"_tribe_events_status":"","_tribe_events_status_reason":"","footnotes":""},"tags":[],"tribe_events_cat":[18,24],"class_list":["post-4093","tribe_events","type-tribe_events","status-publish","has-post-thumbnail","hentry","tribe_events_cat-cine-club","tribe_events_cat-eventos","cat_cine-club","cat_eventos","entry"],"_links":{"self":[{"href":"https:\/\/cineslys.com\/val\/wp-json\/wp\/v2\/tribe_events\/4093","targetHints":{"allow":["GET"]}}],"collection":[{"href":"https:\/\/cineslys.com\/val\/wp-json\/wp\/v2\/tribe_events"}],"about":[{"href":"https:\/\/cineslys.com\/val\/wp-json\/wp\/v2\/types\/tribe_events"}],"author":[{"embeddable":true,"href":"https:\/\/cineslys.com\/val\/wp-json\/wp\/v2\/users\/1"}],"version-history":[{"count":0,"href":"https:\/\/cineslys.com\/val\/wp-json\/wp\/v2\/tribe_events\/4093\/revisions"}],"wp:featuredmedia":[{"embeddable":true,"href":"https:\/\/cineslys.com\/val\/wp-json\/wp\/v2\/media\/4179"}],"wp:attachment":[{"href":"https:\/\/cineslys.com\/val\/wp-json\/wp\/v2\/media?parent=4093"}],"wp:term":[{"taxonomy":"post_tag","embeddable":true,"href":"https:\/\/cineslys.com\/val\/wp-json\/wp\/v2\/tags?post=4093"},{"taxonomy":"tribe_events_cat","embeddable":true,"href":"https:\/\/cineslys.com\/val\/wp-json\/wp\/v2\/tribe_events_cat?post=4093"}],"curies":[{"name":"wp","href":"https:\/\/api.w.org\/{rel}","templated":true}]}}