									
{"id":5362,"date":"2024-09-04T09:17:24","date_gmt":"2024-09-04T09:17:24","guid":{"rendered":"https:\/\/cineslys.com\/?post_type=tribe_events&#038;p=5362"},"modified":"2024-09-04T09:17:24","modified_gmt":"2024-09-04T09:17:24","slug":"preestreno-lavia-i-el-foraster-en-cines-lys","status":"publish","type":"tribe_events","link":"https:\/\/cineslys.com\/val\/calendario\/preestreno-lavia-i-el-foraster-en-cines-lys\/","title":{"rendered":"Preestreno \u00abL&#8217;\u00c0via i el Foraster\u00bb en Cines Lys"},"content":{"rendered":"<p>El pr\u00f3ximo jueves 12 de septiembre tendremos el preestreno de <strong>\u00abL&#8217;\u00c0via i el Foraster\u00bb<\/strong> con la<strong> presencia del director Sergi Miralles y los actores Carles Francino, Neus Agull\u00f3, Isabel Rocatti, Mar\u00eda Maroto y Empar Ferrer<\/strong>.<\/p>\n<p>Ven al <strong>preestreno de la pel\u00edcula por solo 5,50\u20ac<\/strong> y conoce esta maravillosa historia. Una pel\u00edcula 100% valenciana que te enamorar\u00e1, como ya hizo a aquellos que pudieron asistir al pase especial de <strong>Cita a Ciegas con el Cine<\/strong>.<\/p>\n<p><strong>Sinopsis<\/strong>: <span style=\"background-color: var(--global--color-background); color: var(--global--color-primary); font-family: var(--global--font-secondary); font-size: var(--global--font-size-base);\">Teresa, la costurera del pueblo, recibe una propuesta especial de Samir, el pakistan\u00ed de la fruter\u00eda, que en realidad era sastre en su pa\u00eds. Los dos colaboran, pero lo tienen que hacer en secreto por miedo a lo que puedan decir en el pueblo. De repente Teresa muere y Enric, su nieto que vive en Manchester, vuelve al pueblo en plena crisis vital.<\/span><\/p>\n<p><a href=\"https:\/\/www.reservaentradas.com\/entrada\/valencia\/cineslys\/l-avia-i-el-foraster\/353194\/?step=2\" rel=\"nofollow noopener\" target=\"_blank\"> <button>Reserva tu entrada<\/button> <\/a><\/p>\n<p><iframe title=\"Tr\u00e1iler &quot;L&#039;\u00e0via i el foraster&quot; \/ Estrena 13 septembre\" width=\"750\" height=\"422\" src=\"https:\/\/www.youtube.com\/embed\/AQJg9ezg4BY?feature=oembed\" frameborder=\"0\" allow=\"accelerometer; autoplay; clipboard-write; encrypted-media; gyroscope; picture-in-picture; web-share\" referrerpolicy=\"strict-origin-when-cross-origin\" allowfullscreen><\/iframe><\/p>","protected":false},"excerpt":{"rendered":"<p>El pr\u00f3ximo jueves 12 de septiembre tendremos el preestreno de \u00abL&#8217;\u00c0via i el Foraster\u00bb con la presencia del director Sergi Miralles y los actores Carles Francino, Neus Agull\u00f3, Isabel Rocatti,&hellip; <a class=\"more-link\" href=\"https:\/\/cineslys.com\/val\/calendario\/preestreno-lavia-i-el-foraster-en-cines-lys\/\">Continue reading <span class=\"screen-reader-text\">Preestreno \u00abL&#8217;\u00c0via i el Foraster\u00bb en Cines Lys<\/span><\/a><\/p>","protected":false},"author":1,"featured_media":5363,"template":"","meta":{"_tribe_events_status":"","_tribe_events_status_reason":"","footnotes":""},"tags":[],"tribe_events_cat":[24,19],"class_list":["post-5362","tribe_events","type-tribe_events","status-publish","has-post-thumbnail","hentry","tribe_events_cat-eventos","tribe_events_cat-visita-de-directores","cat_eventos","cat_visita-de-directores","entry"],"_links":{"self":[{"href":"https:\/\/cineslys.com\/val\/wp-json\/wp\/v2\/tribe_events\/5362","targetHints":{"allow":["GET"]}}],"collection":[{"href":"https:\/\/cineslys.com\/val\/wp-json\/wp\/v2\/tribe_events"}],"about":[{"href":"https:\/\/cineslys.com\/val\/wp-json\/wp\/v2\/types\/tribe_events"}],"author":[{"embeddable":true,"href":"https:\/\/cineslys.com\/val\/wp-json\/wp\/v2\/users\/1"}],"version-history":[{"count":0,"href":"https:\/\/cineslys.com\/val\/wp-json\/wp\/v2\/tribe_events\/5362\/revisions"}],"wp:featuredmedia":[{"embeddable":true,"href":"https:\/\/cineslys.com\/val\/wp-json\/wp\/v2\/media\/5363"}],"wp:attachment":[{"href":"https:\/\/cineslys.com\/val\/wp-json\/wp\/v2\/media?parent=5362"}],"wp:term":[{"taxonomy":"post_tag","embeddable":true,"href":"https:\/\/cineslys.com\/val\/wp-json\/wp\/v2\/tags?post=5362"},{"taxonomy":"tribe_events_cat","embeddable":true,"href":"https:\/\/cineslys.com\/val\/wp-json\/wp\/v2\/tribe_events_cat?post=5362"}],"curies":[{"name":"wp","href":"https:\/\/api.w.org\/{rel}","templated":true}]}}