									
{"id":5527,"date":"2024-09-19T09:48:41","date_gmt":"2024-09-19T09:48:41","guid":{"rendered":"https:\/\/cineslys.com\/?post_type=tribe_events&#038;p=5527"},"modified":"2024-10-16T08:45:19","modified_gmt":"2024-10-16T08:45:19","slug":"cine-club-lys-rodrigo-cortes","status":"publish","type":"tribe_events","link":"https:\/\/cineslys.com\/val\/calendario\/cine-club-lys-rodrigo-cortes\/","title":{"rendered":"Cine Club Lys: \u00abEscape\u00bb con Rodrigo Cort\u00e9s y Paula Ortiz"},"content":{"rendered":"<h3><b>Cine Club Lys: Escape con Rodrigo Cort\u00e9s y Paula Ortiz<\/b><\/h3>\n<h3>Lunes 21 de octubre 16:30h &#8211; 18:00h -19:30h<\/h3>\n<h6><a href=\"https:\/\/cineclublys.com\/matricula\/\" rel=\"nofollow noopener\" target=\"_blank\"><span style=\"color: #de0000;\">Matr\u00edcula abierta Cine Club Lys 2024-2025<\/span><\/a> Precio no matriculado de 20\u20ac por entrada.<\/h6>\n<p><strong>Sinopsis<\/strong>: N. es un hombre estropeado, algo no va bien en su interior. N. no quiere tomar una sola decisi\u00f3n m\u00e1s, s\u00f3lo apearse del mundo. Dejar de tener opciones. El psic\u00f3logo a quien visita no sabe c\u00f3mo abordarlo, tampoco su hermana, que intenta apoyarlo sin frutos. N. s\u00f3lo quiere vivir en la c\u00e1rcel, y har\u00e1 cuanto sea necesario para conseguirlo. \u00bfLograr\u00e1n sus allegados que desista de cometer delitos cada vez m\u00e1s graves? \u00bfHasta d\u00f3nde ser\u00e1 capaz de llegar el juez para no concederle su prop\u00f3sito?<\/p>\n<p><a href=\"https:\/\/www.reservaentradas.com\/sesiones\/valencia\/cineslys\/cine-club-lys-escape\/6315?proximamente=true&amp;\" rel=\"nofollow noopener\" target=\"_blank\"> <button>Reserva tu entrada<\/button> <\/a><\/p>","protected":false},"excerpt":{"rendered":"<p>Cine Club Lys: Escape con Rodrigo Cort\u00e9s y Paula Ortiz Lunes 21 de octubre 16:30h &#8211; 18:00h -19:30h Matr\u00edcula abierta Cine Club Lys 2024-2025 Precio no matriculado de 20\u20ac por&hellip; <a class=\"more-link\" href=\"https:\/\/cineslys.com\/val\/calendario\/cine-club-lys-rodrigo-cortes\/\">Continue reading <span class=\"screen-reader-text\">Cine Club Lys: \u00abEscape\u00bb con Rodrigo Cort\u00e9s y Paula Ortiz<\/span><\/a><\/p>","protected":false},"author":1,"featured_media":6066,"template":"","meta":{"_tribe_events_status":"","_tribe_events_status_reason":"","footnotes":""},"tags":[],"tribe_events_cat":[18,19],"class_list":["post-5527","tribe_events","type-tribe_events","status-publish","has-post-thumbnail","hentry","tribe_events_cat-cine-club","tribe_events_cat-visita-de-directores","cat_cine-club","cat_visita-de-directores","entry"],"_links":{"self":[{"href":"https:\/\/cineslys.com\/val\/wp-json\/wp\/v2\/tribe_events\/5527","targetHints":{"allow":["GET"]}}],"collection":[{"href":"https:\/\/cineslys.com\/val\/wp-json\/wp\/v2\/tribe_events"}],"about":[{"href":"https:\/\/cineslys.com\/val\/wp-json\/wp\/v2\/types\/tribe_events"}],"author":[{"embeddable":true,"href":"https:\/\/cineslys.com\/val\/wp-json\/wp\/v2\/users\/1"}],"version-history":[{"count":0,"href":"https:\/\/cineslys.com\/val\/wp-json\/wp\/v2\/tribe_events\/5527\/revisions"}],"wp:featuredmedia":[{"embeddable":true,"href":"https:\/\/cineslys.com\/val\/wp-json\/wp\/v2\/media\/6066"}],"wp:attachment":[{"href":"https:\/\/cineslys.com\/val\/wp-json\/wp\/v2\/media?parent=5527"}],"wp:term":[{"taxonomy":"post_tag","embeddable":true,"href":"https:\/\/cineslys.com\/val\/wp-json\/wp\/v2\/tags?post=5527"},{"taxonomy":"tribe_events_cat","embeddable":true,"href":"https:\/\/cineslys.com\/val\/wp-json\/wp\/v2\/tribe_events_cat?post=5527"}],"curies":[{"name":"wp","href":"https:\/\/api.w.org\/{rel}","templated":true}]}}