									
{"id":5750,"date":"2024-09-27T07:58:29","date_gmt":"2024-09-27T07:58:29","guid":{"rendered":"https:\/\/cineslys.com\/?post_type=tribe_events&#038;p=5750"},"modified":"2024-10-05T14:05:20","modified_gmt":"2024-10-05T14:05:20","slug":"matinal-al-cine-con-ficiv-2024","status":"publish","type":"tribe_events","link":"https:\/\/cineslys.com\/val\/calendario\/matinal-al-cine-con-ficiv-2024\/","title":{"rendered":"Matinal al Cine con FICIV 2024"},"content":{"rendered":"<h2><strong>Ficiv 2024 en Cines Lys Valencia<\/strong><\/h2>\n<p>El pr\u00f3ximo s\u00e1bado 05 de octubre a las 12:00h tendremos en Cines Lys FICIV (Festival Internacional de Cine Infantil de Valencia). Por 3\u20ac la entrada podr\u00e9is ver en familia estos t\u00edtulos de animaci\u00f3n:<\/p>\n<p><a href=\"https:\/\/www.reservaentradas.com\/sesiones\/valencia\/cineslys\/ficiv-capitan-avispa\/6302\/\" rel=\"nofollow noopener\" target=\"_blank\"><img fetchpriority=\"high\" decoding=\"async\" class=\"alignleft wp-image-5752\" src=\"https:\/\/cineslys.com\/wp-content\/uploads\/2024\/09\/capitan-avispa-683x1024.jpg\" alt=\"\" width=\"224\" height=\"335\" title=\"\"><\/a> <a href=\"https:\/\/www.reservaentradas.com\/sesiones\/valencia\/cineslys\/ficiv-dragonkeeper-guardiana-de-dragones\/6301\/\" rel=\"nofollow noopener\" target=\"_blank\"><img decoding=\"async\" class=\"alignnone wp-image-5753\" src=\"https:\/\/cineslys.com\/wp-content\/uploads\/2024\/09\/dragonkeeper-683x1024.jpg\" alt=\"\" width=\"225\" height=\"337\" title=\"\"><\/a> <a href=\"https:\/\/www.reservaentradas.com\/sesiones\/valencia\/cineslys\/ficiv-heroes-de-central-park\/6303\/\" rel=\"nofollow noopener\" target=\"_blank\"><img decoding=\"async\" class=\"alignleft wp-image-5754\" src=\"https:\/\/cineslys.com\/wp-content\/uploads\/2024\/09\/heroes-de-central-park-683x1024.jpg\" alt=\"\" width=\"222\" height=\"333\" title=\"\"><\/a> <a href=\"https:\/\/www.reservaentradas.com\/sesiones\/valencia\/cineslys\/ficiv-gru-4-mi-villano-favorito\/6300\/\" rel=\"nofollow noopener\" target=\"_blank\"><img loading=\"lazy\" decoding=\"async\" class=\"alignnone wp-image-5751\" src=\"https:\/\/cineslys.com\/wp-content\/uploads\/2024\/09\/gru4-mi-villano-favorito-683x1024.jpg\" alt=\"\" width=\"222\" height=\"333\" title=\"\"><\/a><\/p>\n<p>&nbsp;<\/p>","protected":false},"excerpt":{"rendered":"<p>Ficiv 2024 en Cines Lys Valencia El pr\u00f3ximo s\u00e1bado 05 de octubre a las 12:00h tendremos en Cines Lys FICIV (Festival Internacional de Cine Infantil de Valencia). Por 3\u20ac la&hellip; <a class=\"more-link\" href=\"https:\/\/cineslys.com\/val\/calendario\/matinal-al-cine-con-ficiv-2024\/\">Continue reading <span class=\"screen-reader-text\">Matinal al Cine con FICIV 2024<\/span><\/a><\/p>","protected":false},"author":1,"featured_media":5756,"template":"","meta":{"_tribe_events_status":"","_tribe_events_status_reason":"","footnotes":""},"tags":[],"tribe_events_cat":[24],"class_list":["post-5750","tribe_events","type-tribe_events","status-publish","has-post-thumbnail","hentry","tribe_events_cat-eventos","cat_eventos","entry"],"_links":{"self":[{"href":"https:\/\/cineslys.com\/val\/wp-json\/wp\/v2\/tribe_events\/5750","targetHints":{"allow":["GET"]}}],"collection":[{"href":"https:\/\/cineslys.com\/val\/wp-json\/wp\/v2\/tribe_events"}],"about":[{"href":"https:\/\/cineslys.com\/val\/wp-json\/wp\/v2\/types\/tribe_events"}],"author":[{"embeddable":true,"href":"https:\/\/cineslys.com\/val\/wp-json\/wp\/v2\/users\/1"}],"version-history":[{"count":0,"href":"https:\/\/cineslys.com\/val\/wp-json\/wp\/v2\/tribe_events\/5750\/revisions"}],"wp:featuredmedia":[{"embeddable":true,"href":"https:\/\/cineslys.com\/val\/wp-json\/wp\/v2\/media\/5756"}],"wp:attachment":[{"href":"https:\/\/cineslys.com\/val\/wp-json\/wp\/v2\/media?parent=5750"}],"wp:term":[{"taxonomy":"post_tag","embeddable":true,"href":"https:\/\/cineslys.com\/val\/wp-json\/wp\/v2\/tags?post=5750"},{"taxonomy":"tribe_events_cat","embeddable":true,"href":"https:\/\/cineslys.com\/val\/wp-json\/wp\/v2\/tribe_events_cat?post=5750"}],"curies":[{"name":"wp","href":"https:\/\/api.w.org\/{rel}","templated":true}]}}