									
{"id":7410,"date":"2025-01-21T09:16:18","date_gmt":"2025-01-21T09:16:18","guid":{"rendered":"https:\/\/cineslys.com\/?post_type=tribe_events&#038;p=7410"},"modified":"2025-01-21T09:16:19","modified_gmt":"2025-01-21T09:16:19","slug":"cine-club-lys-desmontando-un-elefante-con-aitor-echeverria","status":"publish","type":"tribe_events","link":"https:\/\/cineslys.com\/val\/calendario\/cine-club-lys-desmontando-un-elefante-con-aitor-echeverria\/","title":{"rendered":"Cine Club Lys: \u00abDesmontando un Elefante\u00bb con Aitor Echeverr\u00eda"},"content":{"rendered":"<h3><b>Cine Club Lys: Desmontando un Elefante con Aitor Echeverr\u00eda<\/b><\/h3>\n<h3>Lunes 3 de febrero 16:30h &#8211; 18:00 &#8211; 19:30h<\/h3>\n<h6><a href=\"https:\/\/cineclublys.com\/matricula\/\" rel=\"nofollow noopener\" target=\"_blank\"><span style=\"color: #de0000;\">Matr\u00edcula abierta Cine Club Lys 2024-2025<\/span><\/a><\/h6>\n<p>El lunes 3 de febrero tenemos un nuevo pase de <strong>Cine Club Lys<\/strong> con \u00abDesmontando un Elefante\u00bb y contaremos con la presencia del <strong>director Aitor Echevarr\u00eda<\/strong>.<\/p>\n<p><strong>Sinopsis:<\/strong> Marga (Emma Su\u00e1rez), una arquitecta de \u00e9xito, regresa a casa tras haber pasado dos meses internada en un centro de rehabilitaci\u00f3n por un problema de adicci\u00f3n con el que su familia convivi\u00f3 en silencio durante a\u00f1os. Tras su llegada, Marga intentar\u00e1 rehacer su vida anterior mientras su hija menor Blanca (Natalia de Molina), ver\u00e1 c\u00f3mo la atenci\u00f3n que vuelca sobre su madre afecta tanto a sus relaciones como a su sue\u00f1o de ser bailarina profesional. Un a\u00f1o despu\u00e9s, \u00abel elefante\u00bb sigue tan enorme como siempre. Aunque por lo menos, ahora, todos pueden verlo.<\/p>\n<p><a href=\"https:\/\/www.reservaentradas.com\/sesiones\/valencia\/cineslys\/cine-club-lys-desmontando-un-elefante\/6494?proximamente=true&amp;\" rel=\"nofollow noopener\" target=\"_blank\"> <button>Reserva tu entrada<\/button> <\/a><\/p>","protected":false},"excerpt":{"rendered":"<p>Cine Club Lys: Desmontando un Elefante con Aitor Echeverr\u00eda Lunes 3 de febrero 16:30h &#8211; 18:00 &#8211; 19:30h Matr\u00edcula abierta Cine Club Lys 2024-2025 El lunes 3 de febrero tenemos&hellip; <a class=\"more-link\" href=\"https:\/\/cineslys.com\/val\/calendario\/cine-club-lys-desmontando-un-elefante-con-aitor-echeverria\/\">Continue reading <span class=\"screen-reader-text\">Cine Club Lys: \u00abDesmontando un Elefante\u00bb con Aitor Echeverr\u00eda<\/span><\/a><\/p>","protected":false},"author":1,"featured_media":7411,"template":"","meta":{"_tribe_events_status":"","_tribe_events_status_reason":"","footnotes":""},"tags":[],"tribe_events_cat":[18],"class_list":["post-7410","tribe_events","type-tribe_events","status-publish","has-post-thumbnail","hentry","tribe_events_cat-cine-club","cat_cine-club","entry"],"_links":{"self":[{"href":"https:\/\/cineslys.com\/val\/wp-json\/wp\/v2\/tribe_events\/7410","targetHints":{"allow":["GET"]}}],"collection":[{"href":"https:\/\/cineslys.com\/val\/wp-json\/wp\/v2\/tribe_events"}],"about":[{"href":"https:\/\/cineslys.com\/val\/wp-json\/wp\/v2\/types\/tribe_events"}],"author":[{"embeddable":true,"href":"https:\/\/cineslys.com\/val\/wp-json\/wp\/v2\/users\/1"}],"version-history":[{"count":0,"href":"https:\/\/cineslys.com\/val\/wp-json\/wp\/v2\/tribe_events\/7410\/revisions"}],"wp:featuredmedia":[{"embeddable":true,"href":"https:\/\/cineslys.com\/val\/wp-json\/wp\/v2\/media\/7411"}],"wp:attachment":[{"href":"https:\/\/cineslys.com\/val\/wp-json\/wp\/v2\/media?parent=7410"}],"wp:term":[{"taxonomy":"post_tag","embeddable":true,"href":"https:\/\/cineslys.com\/val\/wp-json\/wp\/v2\/tags?post=7410"},{"taxonomy":"tribe_events_cat","embeddable":true,"href":"https:\/\/cineslys.com\/val\/wp-json\/wp\/v2\/tribe_events_cat?post=7410"}],"curies":[{"name":"wp","href":"https:\/\/api.w.org\/{rel}","templated":true}]}}