									
{"id":8214,"date":"2025-04-01T09:24:02","date_gmt":"2025-04-01T09:24:02","guid":{"rendered":"https:\/\/cineslys.com\/?post_type=tribe_events&#038;p=8214"},"modified":"2025-04-01T09:24:03","modified_gmt":"2025-04-01T09:24:03","slug":"version-digital-aida-opera-diferido","status":"publish","type":"tribe_events","link":"https:\/\/cineslys.com\/val\/calendario\/version-digital-aida-opera-diferido\/","title":{"rendered":"Versi\u00f3n digital: Aida (\u00f3pera diferido)"},"content":{"rendered":"<h3><strong>Aida<\/strong><br \/>\nJueves, 17 de abril de 2025 &#8211; 19:35h<\/h3>\n<p><strong>Desde el Arena Sferisterio Macerata<\/strong><\/p>\n<p>En el esplendor del antiguo Egipto, Aida cuenta la historia de una princesa et\u00edope atrapada entre su amor prohibido por el valiente comandante egipcio Radam\u00e9s y la lealtad a su patria. En un escenario dominado por la guerra, el honor y las tensiones pol\u00edticas, Aida y Radam\u00e9s deben enfrentarse a sus propios sentimientos mientras el deber y la traici\u00f3n los rodean. El conflicto entre el amor y la obligaci\u00f3n se despliega en una serie de desgarradoras decisiones que llevar\u00e1n a los personajes hacia un tr\u00e1gico destino. Bajo la direcci\u00f3n de la reconocida Valentina Carrasco, colaboradora habitual de La Fura dels Baus, y con la conducci\u00f3n musical de Francesco Lanzillotta, esta nueva producci\u00f3n de Aida cobra vida en el Sferisterio, en el marco del prestigioso Festival de Macerata. La puesta en escena no solo rinde homenaje a los 150 a\u00f1os del estreno de la \u00f3pera en El Cairo, sino que tambi\u00e9n celebra el centenario de la primera \u00f3pera representada en este hist\u00f3rico recinto. Con una fusi\u00f3n \u00fanica de arte visual y teatral, esta Aida promete sumergir al p\u00fablico en un viaje lleno de pasi\u00f3n, sacrificio y traici\u00f3n, donde las tensiones entre el amor y la lealtad se sienten m\u00e1s intensas que nunca.<\/p>\n<p><a href=\"https:\/\/www.reservaentradas.com\/sesiones\/valencia\/cineslys\/aida-opera-diferido-17-04-25\/6484?proximamente=true&#038;\" rel=\"nofollow noopener\" target=\"_blank\"> <button>Reservar entradas<\/button> <\/a><\/p>","protected":false},"excerpt":{"rendered":"<p>Aida Jueves, 17 de abril de 2025 &#8211; 19:35h Desde el Arena Sferisterio Macerata En el esplendor del antiguo Egipto, Aida cuenta la historia de una princesa et\u00edope atrapada entre&hellip; <a class=\"more-link\" href=\"https:\/\/cineslys.com\/val\/calendario\/version-digital-aida-opera-diferido\/\">Continue reading <span class=\"screen-reader-text\">Versi\u00f3n digital: Aida (\u00f3pera diferido)<\/span><\/a><\/p>","protected":false},"author":1,"featured_media":8215,"template":"","meta":{"_tribe_events_status":"","_tribe_events_status_reason":"","footnotes":""},"tags":[],"tribe_events_cat":[25,24],"class_list":["post-8214","tribe_events","type-tribe_events","status-publish","has-post-thumbnail","hentry","tribe_events_cat-conciertos-en-cine","tribe_events_cat-eventos","cat_conciertos-en-cine","cat_eventos","entry"],"_links":{"self":[{"href":"https:\/\/cineslys.com\/val\/wp-json\/wp\/v2\/tribe_events\/8214","targetHints":{"allow":["GET"]}}],"collection":[{"href":"https:\/\/cineslys.com\/val\/wp-json\/wp\/v2\/tribe_events"}],"about":[{"href":"https:\/\/cineslys.com\/val\/wp-json\/wp\/v2\/types\/tribe_events"}],"author":[{"embeddable":true,"href":"https:\/\/cineslys.com\/val\/wp-json\/wp\/v2\/users\/1"}],"version-history":[{"count":0,"href":"https:\/\/cineslys.com\/val\/wp-json\/wp\/v2\/tribe_events\/8214\/revisions"}],"wp:featuredmedia":[{"embeddable":true,"href":"https:\/\/cineslys.com\/val\/wp-json\/wp\/v2\/media\/8215"}],"wp:attachment":[{"href":"https:\/\/cineslys.com\/val\/wp-json\/wp\/v2\/media?parent=8214"}],"wp:term":[{"taxonomy":"post_tag","embeddable":true,"href":"https:\/\/cineslys.com\/val\/wp-json\/wp\/v2\/tags?post=8214"},{"taxonomy":"tribe_events_cat","embeddable":true,"href":"https:\/\/cineslys.com\/val\/wp-json\/wp\/v2\/tribe_events_cat?post=8214"}],"curies":[{"name":"wp","href":"https:\/\/api.w.org\/{rel}","templated":true}]}}