									
{"id":8343,"date":"2025-04-10T08:39:58","date_gmt":"2025-04-10T08:39:58","guid":{"rendered":"https:\/\/cineslys.com\/?post_type=tribe_events&#038;p=8343"},"modified":"2025-05-26T17:24:06","modified_gmt":"2025-05-26T17:24:06","slug":"terrorificamente-lys-mads","status":"publish","type":"tribe_events","link":"https:\/\/cineslys.com\/val\/calendario\/terrorificamente-lys-mads\/","title":{"rendered":"Terror\u00edficamente Lys: Mads"},"content":{"rendered":"<h3><strong>Terror\u00edficamente Lys: Mads<\/strong><\/h3>\n<h4><strong>Jueves 29 de mayo 20:30h<\/strong><\/h4>\n<p>Para finalizar el mes de mayo contaremos con el preestreno de \u00abMads\u00bb, que se estrena el viernes 06 de junio. Dirigida por David Moreau, qui\u00e9n vimos antes dirigiendo una pel\u00edcula familiar de aventuras. No lo entiendo, pero me dejo llevar ante tantas curvas en su filmograf\u00eda. <\/p>\n<p>Sinopsis: Tras probar una nueva droga, Romain sale de fiesta. De camino, recoge a una mujer herida de un lado de la carretera, la cual, al subir al coche, es presa del p\u00e1nico y se golpea la cabeza hasta morir. As\u00ed comienza una noche de pesadilla durante la que Romain ser\u00e1 incapaz de distinguir qu\u00e9 es real y qu\u00e9 son los efectos de un f\u00e1rmaco tan misterioso como potente.<\/p>\n<p><a href=\"https:\/\/www.reservaentradas.com\/entrada\/valencia\/cineslys\/terrorificamente-lys-mads\/362211\/?step=2\" rel=\"nofollow noopener\" target=\"_blank\"> <button>Reserva tu entrada<\/button> <\/a><\/p>","protected":false},"excerpt":{"rendered":"<p>Terror\u00edficamente Lys: Mads Jueves 29 de mayo 20:30h Para finalizar el mes de mayo contaremos con el preestreno de \u00abMads\u00bb, que se estrena el viernes 06 de junio. Dirigida por&hellip; <a class=\"more-link\" href=\"https:\/\/cineslys.com\/val\/calendario\/terrorificamente-lys-mads\/\">Continue reading <span class=\"screen-reader-text\">Terror\u00edficamente Lys: Mads<\/span><\/a><\/p>","protected":false},"author":1,"featured_media":8777,"template":"","meta":{"_tribe_events_status":"","_tribe_events_status_reason":"","footnotes":""},"tags":[],"tribe_events_cat":[73],"class_list":["post-8343","tribe_events","type-tribe_events","status-publish","has-post-thumbnail","hentry","tribe_events_cat-terrorificamente-lys","cat_terrorificamente-lys","entry"],"_links":{"self":[{"href":"https:\/\/cineslys.com\/val\/wp-json\/wp\/v2\/tribe_events\/8343","targetHints":{"allow":["GET"]}}],"collection":[{"href":"https:\/\/cineslys.com\/val\/wp-json\/wp\/v2\/tribe_events"}],"about":[{"href":"https:\/\/cineslys.com\/val\/wp-json\/wp\/v2\/types\/tribe_events"}],"author":[{"embeddable":true,"href":"https:\/\/cineslys.com\/val\/wp-json\/wp\/v2\/users\/1"}],"version-history":[{"count":0,"href":"https:\/\/cineslys.com\/val\/wp-json\/wp\/v2\/tribe_events\/8343\/revisions"}],"wp:featuredmedia":[{"embeddable":true,"href":"https:\/\/cineslys.com\/val\/wp-json\/wp\/v2\/media\/8777"}],"wp:attachment":[{"href":"https:\/\/cineslys.com\/val\/wp-json\/wp\/v2\/media?parent=8343"}],"wp:term":[{"taxonomy":"post_tag","embeddable":true,"href":"https:\/\/cineslys.com\/val\/wp-json\/wp\/v2\/tags?post=8343"},{"taxonomy":"tribe_events_cat","embeddable":true,"href":"https:\/\/cineslys.com\/val\/wp-json\/wp\/v2\/tribe_events_cat?post=8343"}],"curies":[{"name":"wp","href":"https:\/\/api.w.org\/{rel}","templated":true}]}}