									
{"id":8622,"date":"2025-05-12T17:31:25","date_gmt":"2025-05-12T17:31:25","guid":{"rendered":"https:\/\/cineslys.com\/?post_type=tribe_events&#038;p=8622"},"modified":"2025-05-14T07:58:40","modified_gmt":"2025-05-14T07:58:40","slug":"un-bano-propio-con-lucia-casan","status":"publish","type":"tribe_events","link":"https:\/\/cineslys.com\/val\/calendario\/un-bano-propio-con-lucia-casan\/","title":{"rendered":"Un ba\u00f1o propio con Lucia Casa\u00f1"},"content":{"rendered":"<h3><strong>Un ba\u00f1o propio<\/strong><br \/>\nJueves, 15 de mayo de 2025 &#8211; 19:30h<\/h3>\n<p><strong>con presencia de la directora Lucia Casa\u00f1<\/strong><\/p>\n<p data-start=\"260\" data-end=\"446\">Cines Lys acoge un pase \u00fanico de <em data-start=\"307\" data-end=\"323\">Un ba\u00f1o propio<\/em>, dirigido por la joven cineasta valenciana <strong data-start=\"367\" data-end=\"382\">Lucia Casa\u00f1<\/strong>. Tras la proyecci\u00f3n, tendr\u00e1 lugar un coloquio con la directora.<\/p>\n<p data-start=\"448\" data-end=\"663\">La cr\u00edtica ha dicho:<br data-start=\"468\" data-end=\"471\" \/><em data-start=\"471\" data-end=\"637\">\u201c&#8217;Un bany propi&#8217; es una atrevida e interesante \u00f3pera prima que no tiene miedo a caer en el error, a fallar y acertar, trazando as\u00ed su propio estilo y personalidad.\u201d<\/em><br data-start=\"637\" data-end=\"640\" \/><strong>\u2014 J\u00falia Olmo, Cineuropa<\/strong><\/p>\n<p data-start=\"665\" data-end=\"753\">Una oportunidad para conocer de cerca el trabajo de nuevos talentos del cine valenciano.<\/p>\n<p><a href=\"https:\/\/www.reservaentradas.com\/entrada\/valencia\/cineslys\/un-bany-propi\/364924\/?step=2\" rel=\"nofollow noopener\" target=\"_blank\"> <button>Reservar entradas<br \/>\n<\/button> <\/a><\/p>\n<p><strong>Sinopsis<\/strong>: Antonia, una ama de casa ejemplar de sesenta y cinco a\u00f1os, pasa sus d\u00edas atendiendo los deberes del hogar y los recados familiares. Sin embargo, esta se\u00f1ora de apariencia afable guarda un extra\u00f1o secreto: est\u00e1 absolutamente obsesionada por los cuartos de ba\u00f1o; ese es el \u00fanico espacio donde puede decir \u201cocupado\u201d y la gente le deja en paz. Entre retretes, ca\u00f1er\u00edas y cisternas, Antonia da rienda suelta a su verdadera vocaci\u00f3n, ser escritora. As\u00ed escapa de su mon\u00f3tona vida, vive situaciones \u00fanicas y entabla extra\u00f1as amistades que har\u00e1 que su apariencia afable se diluya como la mierda en el inodoro.<\/p>\n<p><iframe title=\"Un ba\u00f1o propio - Tr\u00e1iler oficial\" width=\"750\" height=\"422\" src=\"https:\/\/www.youtube.com\/embed\/ZW4uCQEhAPI?feature=oembed\" frameborder=\"0\" allow=\"accelerometer; autoplay; clipboard-write; encrypted-media; gyroscope; picture-in-picture; web-share\" referrerpolicy=\"strict-origin-when-cross-origin\" allowfullscreen><\/iframe><\/p>","protected":false},"excerpt":{"rendered":"<p>Un ba\u00f1o propio Jueves, 15 de mayo de 2025 &#8211; 19:30h con presencia de la directora Lucia Casa\u00f1 Cines Lys acoge un pase \u00fanico de Un ba\u00f1o propio, dirigido por&hellip; <a class=\"more-link\" href=\"https:\/\/cineslys.com\/val\/calendario\/un-bano-propio-con-lucia-casan\/\">Continue reading <span class=\"screen-reader-text\">Un ba\u00f1o propio con Lucia Casa\u00f1<\/span><\/a><\/p>","protected":false},"author":1,"featured_media":8623,"template":"","meta":{"_tribe_events_status":"","_tribe_events_status_reason":"","footnotes":""},"tags":[],"tribe_events_cat":[19],"class_list":["post-8622","tribe_events","type-tribe_events","status-publish","has-post-thumbnail","hentry","tribe_events_cat-visita-de-directores","cat_visita-de-directores","entry"],"_links":{"self":[{"href":"https:\/\/cineslys.com\/val\/wp-json\/wp\/v2\/tribe_events\/8622","targetHints":{"allow":["GET"]}}],"collection":[{"href":"https:\/\/cineslys.com\/val\/wp-json\/wp\/v2\/tribe_events"}],"about":[{"href":"https:\/\/cineslys.com\/val\/wp-json\/wp\/v2\/types\/tribe_events"}],"author":[{"embeddable":true,"href":"https:\/\/cineslys.com\/val\/wp-json\/wp\/v2\/users\/1"}],"version-history":[{"count":0,"href":"https:\/\/cineslys.com\/val\/wp-json\/wp\/v2\/tribe_events\/8622\/revisions"}],"wp:featuredmedia":[{"embeddable":true,"href":"https:\/\/cineslys.com\/val\/wp-json\/wp\/v2\/media\/8623"}],"wp:attachment":[{"href":"https:\/\/cineslys.com\/val\/wp-json\/wp\/v2\/media?parent=8622"}],"wp:term":[{"taxonomy":"post_tag","embeddable":true,"href":"https:\/\/cineslys.com\/val\/wp-json\/wp\/v2\/tags?post=8622"},{"taxonomy":"tribe_events_cat","embeddable":true,"href":"https:\/\/cineslys.com\/val\/wp-json\/wp\/v2\/tribe_events_cat?post=8622"}],"curies":[{"name":"wp","href":"https:\/\/api.w.org\/{rel}","templated":true}]}}