									
{"id":8718,"date":"2025-05-21T08:10:46","date_gmt":"2025-05-21T08:10:46","guid":{"rendered":"https:\/\/cineslys.com\/?post_type=tribe_events&#038;p=8718"},"modified":"2025-05-22T08:05:42","modified_gmt":"2025-05-22T08:05:42","slug":"cita-a-ciegas-con-el-cine-27-de-mayo","status":"publish","type":"tribe_events","link":"https:\/\/cineslys.com\/val\/calendario\/cita-a-ciegas-con-el-cine-27-de-mayo\/","title":{"rendered":"Cita a Ciegas con el Cine: 27 de mayo"},"content":{"rendered":"<h3><b>Cita a Ciegas con el Cine: 27 de mayo<\/b><\/h3>\n<h6><a href=\"https:\/\/forms.gle\/CLX2ttBQPB1eZGZ36\" rel=\"nofollow noopener\" target=\"_blank\"><span style=\"color: #de0000;\">\u00danete a nuestra Newsletter de Cita a Ciegas y participa en las porras semanales<\/span><\/a><\/h6>\n<p>El martes pasado, vimos <strong>Una raz\u00f3n brillante (2017)<\/strong>, pel\u00edcula francesa dirigida por Yvan Attal y protagonizada por Daniel Auteuil, Cam\u00e9lia Jordana, Nozha Khouadra, y m\u00e1s<\/p>\n<p><strong>Sinopsis:<\/strong> Ne\u00efla Salah es una joven del extrarradio parisino que sue\u00f1a con ser abogada. Se ha matriculado en la facultad de Derecho m\u00e1s importante de Par\u00eds, pero el primer d\u00eda de clase tiene un enfrentamiento con Pierre Mazard, un profesor algo conflictivo. Para redimirse, el profesor propone a Ne\u00efla ayudarla a preparar una importante prueba a nivel nacional. Aunque c\u00ednico y exigente, Pierre ser\u00eda la ayuda ideal que Ne\u00efla est\u00e1 necesitando pero para ello tendr\u00e1n que empezar los dos por superar algunos prejuicios.<\/p>\n<p>\u00bfQu\u00e9 pel\u00edcula ser\u00e1 la del<strong> martes 27 de mayo<\/strong>? Seguro te va a encantar. Consigue tu entrada por 5\u20ac y d\u00e9jate sorprender.<\/p>\n<p><strong><a href=\"https:\/\/cineslys.com\/val\/socios\/\">Hazte socio de Cines Lys gratuitamente y acumula puntos comprando a 5\u20ac<\/a><\/strong><\/p>\n<p><a href=\"https:\/\/www.reservaentradas.com\/entrada\/valencia\/cineslys\/cita-a-ciegas-con-el-cine\/365552\/?step=2\" rel=\"nofollow noopener\" target=\"_blank\"> <button>Reserva tu entrada<\/button> <\/a><\/p>\n<p><iframe title=\"Cita a ciegas con el Cine: Una raz\u00f3n brillante\" width=\"750\" height=\"422\" src=\"https:\/\/www.youtube.com\/embed\/3MVttWjipAE?feature=oembed\" frameborder=\"0\" allow=\"accelerometer; autoplay; clipboard-write; encrypted-media; gyroscope; picture-in-picture; web-share\" referrerpolicy=\"strict-origin-when-cross-origin\" allowfullscreen><\/iframe><\/p>","protected":false},"excerpt":{"rendered":"<p>Cita a Ciegas con el Cine: 27 de mayo \u00danete a nuestra Newsletter de Cita a Ciegas y participa en las porras semanales El martes pasado, vimos Una raz\u00f3n brillante&hellip; <a class=\"more-link\" href=\"https:\/\/cineslys.com\/val\/calendario\/cita-a-ciegas-con-el-cine-27-de-mayo\/\">Continue reading <span class=\"screen-reader-text\">Cita a Ciegas con el Cine: 27 de mayo<\/span><\/a><\/p>","protected":false},"author":1,"featured_media":8719,"template":"","meta":{"_tribe_events_status":"","_tribe_events_status_reason":"","footnotes":""},"tags":[],"tribe_events_cat":[16],"class_list":["post-8718","tribe_events","type-tribe_events","status-publish","has-post-thumbnail","hentry","tribe_events_cat-cita-a-ciegas","cat_cita-a-ciegas","entry"],"_links":{"self":[{"href":"https:\/\/cineslys.com\/val\/wp-json\/wp\/v2\/tribe_events\/8718","targetHints":{"allow":["GET"]}}],"collection":[{"href":"https:\/\/cineslys.com\/val\/wp-json\/wp\/v2\/tribe_events"}],"about":[{"href":"https:\/\/cineslys.com\/val\/wp-json\/wp\/v2\/types\/tribe_events"}],"author":[{"embeddable":true,"href":"https:\/\/cineslys.com\/val\/wp-json\/wp\/v2\/users\/1"}],"version-history":[{"count":0,"href":"https:\/\/cineslys.com\/val\/wp-json\/wp\/v2\/tribe_events\/8718\/revisions"}],"wp:featuredmedia":[{"embeddable":true,"href":"https:\/\/cineslys.com\/val\/wp-json\/wp\/v2\/media\/8719"}],"wp:attachment":[{"href":"https:\/\/cineslys.com\/val\/wp-json\/wp\/v2\/media?parent=8718"}],"wp:term":[{"taxonomy":"post_tag","embeddable":true,"href":"https:\/\/cineslys.com\/val\/wp-json\/wp\/v2\/tags?post=8718"},{"taxonomy":"tribe_events_cat","embeddable":true,"href":"https:\/\/cineslys.com\/val\/wp-json\/wp\/v2\/tribe_events_cat?post=8718"}],"curies":[{"name":"wp","href":"https:\/\/api.w.org\/{rel}","templated":true}]}}