									
{"id":9168,"date":"2025-06-27T08:29:01","date_gmt":"2025-06-27T08:29:01","guid":{"rendered":"https:\/\/cineslys.com\/?post_type=tribe_events&#038;p=9168"},"modified":"2025-06-27T08:29:15","modified_gmt":"2025-06-27T08:29:15","slug":"version-digital-la-flauta-magica-2","status":"publish","type":"tribe_events","link":"https:\/\/cineslys.com\/val\/calendario\/version-digital-la-flauta-magica-2\/","title":{"rendered":"Versi\u00f3n Digital: La flauta m\u00e1gica"},"content":{"rendered":"<h3><strong>La flauta m\u00e1gica<\/strong><br \/>\nJueves, 10 de julio de 2025 &#8211; 19:35h<\/h3>\n<p><strong>Desde el Festival de Salzburg<\/strong><\/p>\n<p>La producci\u00f3n de La flauta m\u00e1gica presentada en el Festival de Salzburgo en 2019, dirigida esc\u00e9nicamente por Lydia Steier, ofreci\u00f3 una reinterpretaci\u00f3n audaz y contempor\u00e1nea de la obra maestra de Mozart. Ambientada como un cuento narrado por un abuelo a sus nietos, la puesta en escena transform\u00f3 la \u00f3pera en una experiencia teatral envolvente, donde los ni\u00f1os se sumergen en un mundo de fantas\u00eda que irrumpe en su estricta vida cotidia. La direcci\u00f3n musical estuvo a cargo de Joanna Mallwitz, quien lider\u00f3 a la Filarm\u00f3nica de Viena con una interpretaci\u00f3n caracterizada por su fluidez y transparencia. La cr\u00edtica destac\u00f3 su capacidad para extraer una sonoridad refinada y din\u00e1mica, aportando una nueva dimensi\u00f3n a la partitura de Mozart.<\/p>\n<p><a href=\"https:\/\/www.reservaentradas.com\/entrada\/valencia\/cineslys\/cinema-summer-festival-la-flauta-magica\/367277\/?step=2\" rel=\"nofollow noopener\" target=\"_blank\"> <button>Reservar entradas<\/button> <\/a><\/p>","protected":false},"excerpt":{"rendered":"<p>La flauta m\u00e1gica Jueves, 10 de julio de 2025 &#8211; 19:35h Desde el Festival de Salzburg La producci\u00f3n de La flauta m\u00e1gica presentada en el Festival de Salzburgo en 2019,&hellip; <a class=\"more-link\" href=\"https:\/\/cineslys.com\/val\/calendario\/version-digital-la-flauta-magica-2\/\">Continue reading <span class=\"screen-reader-text\">Versi\u00f3n Digital: La flauta m\u00e1gica<\/span><\/a><\/p>","protected":false},"author":1,"featured_media":9169,"template":"","meta":{"_tribe_events_status":"","_tribe_events_status_reason":"","footnotes":""},"tags":[],"tribe_events_cat":[24],"class_list":["post-9168","tribe_events","type-tribe_events","status-publish","has-post-thumbnail","hentry","tribe_events_cat-eventos","cat_eventos","entry"],"_links":{"self":[{"href":"https:\/\/cineslys.com\/val\/wp-json\/wp\/v2\/tribe_events\/9168","targetHints":{"allow":["GET"]}}],"collection":[{"href":"https:\/\/cineslys.com\/val\/wp-json\/wp\/v2\/tribe_events"}],"about":[{"href":"https:\/\/cineslys.com\/val\/wp-json\/wp\/v2\/types\/tribe_events"}],"author":[{"embeddable":true,"href":"https:\/\/cineslys.com\/val\/wp-json\/wp\/v2\/users\/1"}],"version-history":[{"count":0,"href":"https:\/\/cineslys.com\/val\/wp-json\/wp\/v2\/tribe_events\/9168\/revisions"}],"wp:featuredmedia":[{"embeddable":true,"href":"https:\/\/cineslys.com\/val\/wp-json\/wp\/v2\/media\/9169"}],"wp:attachment":[{"href":"https:\/\/cineslys.com\/val\/wp-json\/wp\/v2\/media?parent=9168"}],"wp:term":[{"taxonomy":"post_tag","embeddable":true,"href":"https:\/\/cineslys.com\/val\/wp-json\/wp\/v2\/tags?post=9168"},{"taxonomy":"tribe_events_cat","embeddable":true,"href":"https:\/\/cineslys.com\/val\/wp-json\/wp\/v2\/tribe_events_cat?post=9168"}],"curies":[{"name":"wp","href":"https:\/\/api.w.org\/{rel}","templated":true}]}}