									
{"id":9519,"date":"2025-08-04T11:29:34","date_gmt":"2025-08-04T11:29:34","guid":{"rendered":"https:\/\/cineslys.com\/?post_type=tribe_events&#038;p=9519"},"modified":"2025-09-08T07:16:50","modified_gmt":"2025-09-08T07:16:50","slug":"ficiv-xi-edicion-cine-infantil","status":"publish","type":"tribe_events","link":"https:\/\/cineslys.com\/val\/calendario\/ficiv-xi-edicion-cine-infantil\/","title":{"rendered":"FICIV XI Edici\u00f3n &#8211; Cine Infantil"},"content":{"rendered":"<h3><strong>FICIV XI Edici\u00f3n &#8211; Cine Infantil<\/strong><\/h3>\n<h3>S\u00e1bado, 4 de octubre &#8211; 12:00h<\/h3>\n<p>El s\u00e1bado 4 de octubre a las 12:00 llega el Festival Internacional de Cine Infantil de Valencia (FICIV), que celebra su 11\u00aa edici\u00f3n con una Secci\u00f3n Familiar para todos los p\u00fablicos.<\/p>\n<p>En la pantalla veremos <strong>Polic\u00e1n<\/strong>, <strong>Kayara<\/strong>, <strong>Minecraft<\/strong> y <strong>One Piece Film Red<\/strong>, cuatro pel\u00edculas de animaci\u00f3n pensadas para disfrutar en familia.<\/p>\n<p><a href=\"https:\/\/www.reservaentradas.com\/entrada\/valencia\/cineslys\/ficiv-one-piece-film-red\/369938\/?step=2\" rel=\"nofollow noopener\" target=\"_blank\"><strong>Reservar entradas para One Piece Film Red<\/strong><\/a><\/p>\n<p><a href=\"https:\/\/www.reservaentradas.com\/entrada\/valencia\/cineslys\/ficiv-polican\/368226\/?step=2\" rel=\"nofollow noopener\" target=\"_blank\"><strong>Reservar entradas para Polic\u00e1n<\/strong><\/a><\/p>\n<p><a href=\"https:\/\/www.reservaentradas.com\/entrada\/valencia\/cineslys\/ficiv-kayara-la-guerrera-del-imperio-inca\/368225\/?step=2\" rel=\"nofollow noopener\" target=\"_blank\"><strong>Reservar entradas para Kayara<\/strong><\/a><\/p>\n<p><a href=\"https:\/\/www.reservaentradas.com\/entrada\/valencia\/cineslys\/ficiv-una-pelicula-de-minecraft\/368227\/?step=2\" rel=\"nofollow noopener\" target=\"_blank\"><strong>Reservar entradas para Minecraft<\/strong><\/a><\/p>","protected":false},"excerpt":{"rendered":"<p>FICIV XI Edici\u00f3n &#8211; Cine Infantil S\u00e1bado, 4 de octubre &#8211; 12:00h El s\u00e1bado 4 de octubre a las 12:00 llega el Festival Internacional de Cine Infantil de Valencia (FICIV),&hellip; <a class=\"more-link\" href=\"https:\/\/cineslys.com\/val\/calendario\/ficiv-xi-edicion-cine-infantil\/\">Continue reading <span class=\"screen-reader-text\">FICIV XI Edici\u00f3n &#8211; Cine Infantil<\/span><\/a><\/p>","protected":false},"author":1,"featured_media":9797,"template":"","meta":{"_tribe_events_status":"","_tribe_events_status_reason":"","footnotes":""},"tags":[],"tribe_events_cat":[24],"class_list":["post-9519","tribe_events","type-tribe_events","status-publish","has-post-thumbnail","hentry","tribe_events_cat-eventos","cat_eventos","entry"],"_links":{"self":[{"href":"https:\/\/cineslys.com\/val\/wp-json\/wp\/v2\/tribe_events\/9519","targetHints":{"allow":["GET"]}}],"collection":[{"href":"https:\/\/cineslys.com\/val\/wp-json\/wp\/v2\/tribe_events"}],"about":[{"href":"https:\/\/cineslys.com\/val\/wp-json\/wp\/v2\/types\/tribe_events"}],"author":[{"embeddable":true,"href":"https:\/\/cineslys.com\/val\/wp-json\/wp\/v2\/users\/1"}],"version-history":[{"count":0,"href":"https:\/\/cineslys.com\/val\/wp-json\/wp\/v2\/tribe_events\/9519\/revisions"}],"wp:featuredmedia":[{"embeddable":true,"href":"https:\/\/cineslys.com\/val\/wp-json\/wp\/v2\/media\/9797"}],"wp:attachment":[{"href":"https:\/\/cineslys.com\/val\/wp-json\/wp\/v2\/media?parent=9519"}],"wp:term":[{"taxonomy":"post_tag","embeddable":true,"href":"https:\/\/cineslys.com\/val\/wp-json\/wp\/v2\/tags?post=9519"},{"taxonomy":"tribe_events_cat","embeddable":true,"href":"https:\/\/cineslys.com\/val\/wp-json\/wp\/v2\/tribe_events_cat?post=9519"}],"curies":[{"name":"wp","href":"https:\/\/api.w.org\/{rel}","templated":true}]}}