									
{"id":9702,"date":"2025-08-27T06:41:02","date_gmt":"2025-08-27T06:41:02","guid":{"rendered":"https:\/\/cineslys.com\/?post_type=tribe_events&#038;p=9702"},"modified":"2025-08-28T08:15:55","modified_gmt":"2025-08-28T08:15:55","slug":"proyecto-viridiana-romeria-con-carla-simon","status":"publish","type":"tribe_events","link":"https:\/\/cineslys.com\/val\/calendario\/proyecto-viridiana-romeria-con-carla-simon\/","title":{"rendered":"Proyecto Viridiana: Romer\u00eda con Carla Sim\u00f3n"},"content":{"rendered":"<h3><strong>Proyecto Viridiana: Romer\u00eda con Carla Sim\u00f3n<\/strong><\/h3>\n<h3>Jueves, 11 de septiembre 20h<\/h3>\n<p>Vuelve Proyecto Viridiana con <b>Romer\u00eda,<\/b> con un coloquio online de la directora Carla Sim\u00f3n.<\/p>\n<p>Los espectadores podr\u00e1n mandar sus preguntas desde un QR que se proyectar\u00e1 antes de comenzar la pel\u00edcula, as\u00ed como durante el coloquio.<\/p>\n<p><strong>Sinopsis:<\/strong> Marina viaja a Vigo para conocer a la familia de su padre biol\u00f3gico, que muri\u00f3 de sida, al igual que su madre, cuando ella era muy peque\u00f1a. A trav\u00e9s de los encuentros con sus t\u00edos, t\u00edas y abuelos, la joven intenta reconstruir un relato de sus padres, pero todos sienten demasiada verg\u00fcenza hacia los conflictos de drogas de la pareja, algo que Marina les recuerda con su presencia. Sera\u0301 la historia de amor adolescente que vive con su primo lo que le permite reimaginar a sus padres y conectar con ellos. De esta forma, inventa un cuento, gracias al diario de su madre, que la libera del estigma que su familia siente por ellos y cumple el deseo de entender el pasado&#8230; Pel\u00edcula sobre la memoria familiar que cierra la trilog\u00eda de su directora, compuesta por &#8216;Verano 1993&#8217; y &#8216;Alcarr\u00e0s&#8217;.<\/p>\n<p><a href=\"https:\/\/www.reservaentradas.com\/entrada\/valencia\/cineslys\/proyecto-viridiana-romeria\/370254\/?step=2\" rel=\"nofollow noopener\" target=\"_blank\"> <button>Reserva tu entrada<\/button> <\/a><\/p>\n<p><iframe title=\"Romer\u00eda, de Carla Sim\u00f3n | Tr\u00e1iler espa\u00f1ol | 5 de septiembre en cines\" width=\"750\" height=\"422\" src=\"https:\/\/www.youtube.com\/embed\/AafBPL156-M?feature=oembed\" frameborder=\"0\" allow=\"accelerometer; autoplay; clipboard-write; encrypted-media; gyroscope; picture-in-picture; web-share\" referrerpolicy=\"strict-origin-when-cross-origin\" allowfullscreen><\/iframe><\/p>","protected":false},"excerpt":{"rendered":"<p>Proyecto Viridiana: Romer\u00eda con Carla Sim\u00f3n Jueves, 11 de septiembre 20h Vuelve Proyecto Viridiana con Romer\u00eda, con un coloquio online de la directora Carla Sim\u00f3n. Los espectadores podr\u00e1n mandar sus&hellip; <a class=\"more-link\" href=\"https:\/\/cineslys.com\/val\/calendario\/proyecto-viridiana-romeria-con-carla-simon\/\">Continue reading <span class=\"screen-reader-text\">Proyecto Viridiana: Romer\u00eda con Carla Sim\u00f3n<\/span><\/a><\/p>","protected":false},"author":1,"featured_media":9703,"template":"","meta":{"_tribe_events_status":"","_tribe_events_status_reason":"","footnotes":""},"tags":[],"tribe_events_cat":[32],"class_list":["post-9702","tribe_events","type-tribe_events","status-publish","has-post-thumbnail","hentry","tribe_events_cat-proyecto-viridiana","cat_proyecto-viridiana","entry"],"_links":{"self":[{"href":"https:\/\/cineslys.com\/val\/wp-json\/wp\/v2\/tribe_events\/9702","targetHints":{"allow":["GET"]}}],"collection":[{"href":"https:\/\/cineslys.com\/val\/wp-json\/wp\/v2\/tribe_events"}],"about":[{"href":"https:\/\/cineslys.com\/val\/wp-json\/wp\/v2\/types\/tribe_events"}],"author":[{"embeddable":true,"href":"https:\/\/cineslys.com\/val\/wp-json\/wp\/v2\/users\/1"}],"version-history":[{"count":0,"href":"https:\/\/cineslys.com\/val\/wp-json\/wp\/v2\/tribe_events\/9702\/revisions"}],"wp:featuredmedia":[{"embeddable":true,"href":"https:\/\/cineslys.com\/val\/wp-json\/wp\/v2\/media\/9703"}],"wp:attachment":[{"href":"https:\/\/cineslys.com\/val\/wp-json\/wp\/v2\/media?parent=9702"}],"wp:term":[{"taxonomy":"post_tag","embeddable":true,"href":"https:\/\/cineslys.com\/val\/wp-json\/wp\/v2\/tags?post=9702"},{"taxonomy":"tribe_events_cat","embeddable":true,"href":"https:\/\/cineslys.com\/val\/wp-json\/wp\/v2\/tribe_events_cat?post=9702"}],"curies":[{"name":"wp","href":"https:\/\/api.w.org\/{rel}","templated":true}]}}