									
{"id":9756,"date":"2025-09-03T07:24:40","date_gmt":"2025-09-03T07:24:40","guid":{"rendered":"https:\/\/cineslys.com\/?post_type=tribe_events&#038;p=9756"},"modified":"2025-09-03T07:35:27","modified_gmt":"2025-09-03T07:35:27","slug":"cita-a-ciegas-con-el-cine-9-de-septiembre","status":"publish","type":"tribe_events","link":"https:\/\/cineslys.com\/val\/calendario\/cita-a-ciegas-con-el-cine-9-de-septiembre\/","title":{"rendered":"Cita a Ciegas con el Cine: 9 de septiembre"},"content":{"rendered":"<h3><b>Cita a Ciegas con el Cine: 9 de septiembre<\/b><\/h3>\n<h6><a href=\"https:\/\/forms.gle\/CLX2ttBQPB1eZGZ36\" rel=\"nofollow noopener\" target=\"_blank\"><span style=\"color: #de0000;\">\u00danete a nuestra Newsletter de Cita a Ciegas y participa en las porras semanales<\/span><\/a><\/h6>\n<p>El pasado martes en Cita a Ciegas, tuvimos el preestreno de <strong>Lo que aprend\u00ed de mi ping\u00fcino<\/strong>, una emotiva pel\u00edcula ambientada en Argentina en 1976, con un profesor brit\u00e1nico que rescata a un ping\u00fcino y comienza a transformar su manera de ver el mundo.<\/p>\n<p><strong>Sinopsis:<\/strong> La historia real de un profesor ingl\u00e9s desilusionado que acepta trabajar en una escuela en la Argentina de 1976, esperando un camino f\u00e1cil. En su lugar, descubre una naci\u00f3n compleja y dividida, y una clase de j\u00f3venes a los que considera pr\u00e1cticamente imposibles de ense\u00f1ar. Sin embargo, cuando rescata a un peque\u00f1o ping\u00fcino de una playa contaminada por petr\u00f3leo, su vida da un vuelco. El ave se convierte no solo en un valioso amigo, sino tambi\u00e9n en el maestro de las lecciones m\u00e1s importantes de su vida, la de sus alumnos y la de todos los que tienen la suerte de conocerlo.<\/p>\n<p><strong>Prueba Cita a Ciegas por 5\u20ac y d\u00e9jate sorprender.<\/strong><\/p>\n<p><strong><a href=\"https:\/\/cineslys.com\/val\/socios\/\">Hazte socio de Cines Lys gratuitamente\u00a0<\/a><\/strong><\/p>\n<p><a href=\"https:\/\/www.reservaentradas.com\/entrada\/valencia\/cineslys\/cita-a-ciegas-con-el-cine\/370262\/?step=2\" rel=\"nofollow noopener\" target=\"_blank\"> <button>Reserva tu entrada<\/button> <\/a><\/p>","protected":false},"excerpt":{"rendered":"<p>Cita a Ciegas con el Cine: 9 de septiembre \u00danete a nuestra Newsletter de Cita a Ciegas y participa en las porras semanales El pasado martes en Cita a Ciegas,&hellip; <a class=\"more-link\" href=\"https:\/\/cineslys.com\/val\/calendario\/cita-a-ciegas-con-el-cine-9-de-septiembre\/\">Continue reading <span class=\"screen-reader-text\">Cita a Ciegas con el Cine: 9 de septiembre<\/span><\/a><\/p>","protected":false},"author":1,"featured_media":9757,"template":"","meta":{"_tribe_events_status":"","_tribe_events_status_reason":"","footnotes":""},"tags":[],"tribe_events_cat":[16],"class_list":["post-9756","tribe_events","type-tribe_events","status-publish","has-post-thumbnail","hentry","tribe_events_cat-cita-a-ciegas","cat_cita-a-ciegas","entry"],"_links":{"self":[{"href":"https:\/\/cineslys.com\/val\/wp-json\/wp\/v2\/tribe_events\/9756","targetHints":{"allow":["GET"]}}],"collection":[{"href":"https:\/\/cineslys.com\/val\/wp-json\/wp\/v2\/tribe_events"}],"about":[{"href":"https:\/\/cineslys.com\/val\/wp-json\/wp\/v2\/types\/tribe_events"}],"author":[{"embeddable":true,"href":"https:\/\/cineslys.com\/val\/wp-json\/wp\/v2\/users\/1"}],"version-history":[{"count":0,"href":"https:\/\/cineslys.com\/val\/wp-json\/wp\/v2\/tribe_events\/9756\/revisions"}],"wp:featuredmedia":[{"embeddable":true,"href":"https:\/\/cineslys.com\/val\/wp-json\/wp\/v2\/media\/9757"}],"wp:attachment":[{"href":"https:\/\/cineslys.com\/val\/wp-json\/wp\/v2\/media?parent=9756"}],"wp:term":[{"taxonomy":"post_tag","embeddable":true,"href":"https:\/\/cineslys.com\/val\/wp-json\/wp\/v2\/tags?post=9756"},{"taxonomy":"tribe_events_cat","embeddable":true,"href":"https:\/\/cineslys.com\/val\/wp-json\/wp\/v2\/tribe_events_cat?post=9756"}],"curies":[{"name":"wp","href":"https:\/\/api.w.org\/{rel}","templated":true}]}}