									
{"id":9768,"date":"2025-09-04T07:44:41","date_gmt":"2025-09-04T07:44:41","guid":{"rendered":"https:\/\/cineslys.com\/?post_type=tribe_events&#038;p=9768"},"modified":"2025-09-04T07:44:41","modified_gmt":"2025-09-04T07:44:41","slug":"cine-club-lys-romeria","status":"publish","type":"tribe_events","link":"https:\/\/cineslys.com\/val\/calendario\/cine-club-lys-romeria\/","title":{"rendered":"Cine Club Lys: Romer\u00eda"},"content":{"rendered":"<h3><b>Cine Club Lys: Romer\u00eda<\/b><\/h3>\n<h3>Lunes, 29 de septiembre 16:30h, 18:00h y 19:30h<\/h3>\n<h6><a href=\"https:\/\/cineclublys.com\/matricula\/\" rel=\"nofollow noopener\" target=\"_blank\"><span style=\"color: #de0000;\">Matr\u00edcula abierta Cine Club Lys 2025-2026<\/span><\/a><\/h6>\n<p>El pr\u00f3ximo lunes 29 de septiembre, tenemos un pase de Romer\u00eda con presentaci\u00f3n y coloquio de la actriz protagonista Ll\u00facia Garc\u00eda y la productora Mar\u00eda Zamora<strong><br \/>\n<\/strong><\/p>\n<p><strong>Nominada a Palma de Oro a Mejor Pel\u00edcula en el Festival de Cannes<\/strong><\/p>\n<p><strong>Sinopsis:<\/strong> Marina viaja a Vigo para conocer a la familia de su padre biol\u00f3gico, que muri\u00f3 de sida, al igual que su madre, cuando ella era muy peque\u00f1a. A trav\u00e9s de los encuentros con sus t\u00edos, t\u00edas y abuelos, la joven intenta reconstruir un relato de sus padres, pero todos sienten demasiada verg\u00fcenza hacia los conflictos de drogas de la pareja, algo que Marina les recuerda con su presencia. Sera\u0301 la historia de amor adolescente que vive con su primo lo que le permite reimaginar a sus padres y conectar con ellos. De esta forma, inventa un cuento, gracias al diario de su madre, que la libera del estigma que su familia siente por ellos y cumple el deseo de entender el pasado&#8230; Pel\u00edcula sobre la memoria familiar que cierra la trilog\u00eda de su directora, compuesta por &#8216;Verano 1993&#8217; y &#8216;Alcarr\u00e0s&#8217;.<\/p>\n<p><a href=\"https:\/\/www.reservaentradas.com\/sesiones\/valencia\/cineslys\/cine-club-lys-romeria\/6795?proximamente=true&amp;\" rel=\"nofollow noopener\" target=\"_blank\"> <button>Reserva tu entrada<\/button> <\/a><\/p>\n<p><iframe title=\"Romer\u00eda, de Carla Sim\u00f3n | Tr\u00e1iler espa\u00f1ol | 5 de septiembre en cines\" width=\"750\" height=\"422\" src=\"https:\/\/www.youtube.com\/embed\/AafBPL156-M?feature=oembed\" frameborder=\"0\" allow=\"accelerometer; autoplay; clipboard-write; encrypted-media; gyroscope; picture-in-picture; web-share\" referrerpolicy=\"strict-origin-when-cross-origin\" allowfullscreen><\/iframe><\/p>","protected":false},"excerpt":{"rendered":"<p>Cine Club Lys: Romer\u00eda Lunes, 29 de septiembre 16:30h, 18:00h y 19:30h Matr\u00edcula abierta Cine Club Lys 2025-2026 El pr\u00f3ximo lunes 29 de septiembre, tenemos un pase de Romer\u00eda con&hellip; <a class=\"more-link\" href=\"https:\/\/cineslys.com\/val\/calendario\/cine-club-lys-romeria\/\">Continue reading <span class=\"screen-reader-text\">Cine Club Lys: Romer\u00eda<\/span><\/a><\/p>","protected":false},"author":1,"featured_media":9769,"template":"","meta":{"_tribe_events_status":"","_tribe_events_status_reason":"","footnotes":""},"tags":[],"tribe_events_cat":[18],"class_list":["post-9768","tribe_events","type-tribe_events","status-publish","has-post-thumbnail","hentry","tribe_events_cat-cine-club","cat_cine-club","entry"],"_links":{"self":[{"href":"https:\/\/cineslys.com\/val\/wp-json\/wp\/v2\/tribe_events\/9768","targetHints":{"allow":["GET"]}}],"collection":[{"href":"https:\/\/cineslys.com\/val\/wp-json\/wp\/v2\/tribe_events"}],"about":[{"href":"https:\/\/cineslys.com\/val\/wp-json\/wp\/v2\/types\/tribe_events"}],"author":[{"embeddable":true,"href":"https:\/\/cineslys.com\/val\/wp-json\/wp\/v2\/users\/1"}],"version-history":[{"count":0,"href":"https:\/\/cineslys.com\/val\/wp-json\/wp\/v2\/tribe_events\/9768\/revisions"}],"wp:featuredmedia":[{"embeddable":true,"href":"https:\/\/cineslys.com\/val\/wp-json\/wp\/v2\/media\/9769"}],"wp:attachment":[{"href":"https:\/\/cineslys.com\/val\/wp-json\/wp\/v2\/media?parent=9768"}],"wp:term":[{"taxonomy":"post_tag","embeddable":true,"href":"https:\/\/cineslys.com\/val\/wp-json\/wp\/v2\/tags?post=9768"},{"taxonomy":"tribe_events_cat","embeddable":true,"href":"https:\/\/cineslys.com\/val\/wp-json\/wp\/v2\/tribe_events_cat?post=9768"}],"curies":[{"name":"wp","href":"https:\/\/api.w.org\/{rel}","templated":true}]}}