									
{"id":9853,"date":"2025-09-12T08:22:16","date_gmt":"2025-09-12T08:22:16","guid":{"rendered":"https:\/\/cineslys.com\/?post_type=tribe_events&#038;p=9853"},"modified":"2025-09-21T12:48:05","modified_gmt":"2025-09-21T12:48:05","slug":"cine-club-lys-el-cautivo","status":"publish","type":"tribe_events","link":"https:\/\/cineslys.com\/val\/calendario\/cine-club-lys-el-cautivo\/","title":{"rendered":"Cine Club Lys: El Cautivo"},"content":{"rendered":"<h3><b>Cine Club Lys: El Cautivo<\/b><\/h3>\n<h3>Lunes, 22 de septiembre 16:30h, 18:00h y 19:30h<\/h3>\n<h6><a href=\"https:\/\/cineclublys.com\/matricula\/\" rel=\"nofollow noopener\" target=\"_blank\"><span style=\"color: #de0000;\">Matr\u00edcula abierta Cine Club Lys 2025-2026<\/span><\/a><\/h6>\n<p>El pr\u00f3ximo lunes 22 de septiembre, contaremos con la pel\u00edcula de Alejandro Amen\u00e1bar \u00abEl Cautivo\u00bb. Una pel\u00edcula rodada en la Comunitat Valenciana.<\/p>\n<p><strong>Sinopsis:<\/strong> A\u00f1o 1575. El joven soldado Miguel de Cervantes es capturado en alta mar por corsarios \u00e1rabes y llevado a Argel como reh\u00e9n. Consciente de que all\u00ed le espera una cruel muerte si su familia no paga pronto su rescate, Miguel encontrar\u00e1 refugio en su pasi\u00f3n por contar historias. Sus fascinantes relatos devuelven la esperanza a sus compa\u00f1eros de prisi\u00f3n y acaban por llamar la atenci\u00f3n de Has\u00e1n, el misterioso y temido Baj\u00e1 de Argel, con el que comienza a desarrollar una extra\u00f1a afinidad. Mientras los conflictos crecen entre sus compa\u00f1eros, Miguel, llevado por su inquebrantable optimismo, comenzar\u00e1 a idear un arriesgado plan de fuga.<\/p>\n<p><a href=\"https:\/\/www.reservaentradas.com\/sesiones\/valencia\/cineslys\/cine-club-lys-el-cautivo\/6801?proximamente=true&amp;\" rel=\"nofollow noopener\" target=\"_blank\"> <button>Reserva tu entrada<\/button> <\/a><\/p>\n<p><iframe title=\"Alejandro Amen\u00e1bar presenta El Cautivo - Cines Lys Valencia\" width=\"750\" height=\"422\" src=\"https:\/\/www.youtube.com\/embed\/riWCJ_9gdK8?feature=oembed\" frameborder=\"0\" allow=\"accelerometer; autoplay; clipboard-write; encrypted-media; gyroscope; picture-in-picture; web-share\" referrerpolicy=\"strict-origin-when-cross-origin\" allowfullscreen><\/iframe><\/p>","protected":false},"excerpt":{"rendered":"<p>Cine Club Lys: El Cautivo Lunes, 22 de septiembre 16:30h, 18:00h y 19:30h Matr\u00edcula abierta Cine Club Lys 2025-2026 El pr\u00f3ximo lunes 22 de septiembre, contaremos con la pel\u00edcula de&hellip; <a class=\"more-link\" href=\"https:\/\/cineslys.com\/val\/calendario\/cine-club-lys-el-cautivo\/\">Continue reading <span class=\"screen-reader-text\">Cine Club Lys: El Cautivo<\/span><\/a><\/p>","protected":false},"author":1,"featured_media":9854,"template":"","meta":{"_tribe_events_status":"","_tribe_events_status_reason":"","footnotes":""},"tags":[],"tribe_events_cat":[18],"class_list":["post-9853","tribe_events","type-tribe_events","status-publish","has-post-thumbnail","hentry","tribe_events_cat-cine-club","cat_cine-club","entry"],"_links":{"self":[{"href":"https:\/\/cineslys.com\/val\/wp-json\/wp\/v2\/tribe_events\/9853","targetHints":{"allow":["GET"]}}],"collection":[{"href":"https:\/\/cineslys.com\/val\/wp-json\/wp\/v2\/tribe_events"}],"about":[{"href":"https:\/\/cineslys.com\/val\/wp-json\/wp\/v2\/types\/tribe_events"}],"author":[{"embeddable":true,"href":"https:\/\/cineslys.com\/val\/wp-json\/wp\/v2\/users\/1"}],"version-history":[{"count":0,"href":"https:\/\/cineslys.com\/val\/wp-json\/wp\/v2\/tribe_events\/9853\/revisions"}],"wp:featuredmedia":[{"embeddable":true,"href":"https:\/\/cineslys.com\/val\/wp-json\/wp\/v2\/media\/9854"}],"wp:attachment":[{"href":"https:\/\/cineslys.com\/val\/wp-json\/wp\/v2\/media?parent=9853"}],"wp:term":[{"taxonomy":"post_tag","embeddable":true,"href":"https:\/\/cineslys.com\/val\/wp-json\/wp\/v2\/tags?post=9853"},{"taxonomy":"tribe_events_cat","embeddable":true,"href":"https:\/\/cineslys.com\/val\/wp-json\/wp\/v2\/tribe_events_cat?post=9853"}],"curies":[{"name":"wp","href":"https:\/\/api.w.org\/{rel}","templated":true}]}}