									
{"id":9944,"date":"2025-09-20T17:00:47","date_gmt":"2025-09-20T17:00:47","guid":{"rendered":"https:\/\/cineslys.com\/?post_type=tribe_events&#038;p=9944"},"modified":"2025-09-20T17:00:48","modified_gmt":"2025-09-20T17:00:48","slug":"opera-y-ballet-tosca","status":"publish","type":"tribe_events","link":"https:\/\/cineslys.com\/val\/calendario\/opera-y-ballet-tosca\/","title":{"rendered":"\u00d3pera y Ballet: Tosca"},"content":{"rendered":"<h3><b>Tosca<br \/>\n<\/b>mi\u00e9rcoles, 01 de octubre 19.45h<\/h3>\n<p><strong>Directo desde Royal Ballet &amp; Opera de Londres<\/strong><\/p>\n<p data-start=\"161\" data-end=\"314\">\u00a1El thriller m\u00e1s apasionante de la \u00f3pera como nunca antes lo hab\u00edas visto!<\/p>\n<p data-start=\"316\" data-end=\"729\">En un evento cinematogr\u00e1fico \u00fanico, la soprano\u00a0<strong data-start=\"363\" data-end=\"380\">Anna Netrebko<\/strong>\u00a0encarna a la apasionada Floria Tosca junto al tenor\u00a0<strong data-start=\"433\" data-end=\"455\">Freddie De Tommaso<\/strong>\u00a0como Cavaradossi y el bajo-bar\u00edtono\u00a0<strong data-start=\"492\" data-end=\"509\">Gerald Finley<\/strong>\u00a0como el implacable bar\u00f3n Scarpia. Desde una Roma alternativa y contempor\u00e1nea, esta nueva producci\u00f3n dirigida por\u00a0<strong data-start=\"623\" data-end=\"639\">Oliver Mears<\/strong>\u00a0transforma el cl\u00e1sico de Puccini en una experiencia visual y dram\u00e1tica de alto impacto.<\/p>\n<p data-start=\"731\" data-end=\"1066\">Con la direcci\u00f3n musical de\u00a0<strong data-start=\"759\" data-end=\"774\">Jakub Hr\u016f\u0161a<\/strong>,\u00a0<em data-start=\"776\" data-end=\"783\">Tosca<\/em>\u00a0combina amor, traici\u00f3n y sacrificio en una historia trepidante donde cada decisi\u00f3n puede ser la \u00faltima. Una cuidada escenograf\u00eda, un vestuario de gran detalle y una iluminaci\u00f3n evocadora envuelven esta reinterpretaci\u00f3n de uno de los t\u00edtulos m\u00e1s intensos del repertorio oper\u00edstico.<\/p>\n<p data-start=\"731\" data-end=\"1066\"><strong data-start=\"1071\" data-end=\"1085\">En directo<\/strong>\u00a0en cines el\u00a0<strong data-start=\"1098\" data-end=\"1132\">mi\u00e9rcoles 1 de octubre de 2025 a las 19:45\u00a0<\/strong><br data-start=\"1149\" data-end=\"1152\" \/><a href=\"https:\/\/www.reservaentradas.com\/entrada\/valencia\/cineslys\/opera-tosca-reposicion-directo\/370844\/?step=2\" rel=\"nofollow noopener\" target=\"_blank\"><strong data-start=\"1155\" data-end=\"1169\">Reposici\u00f3n<\/strong>\u00a0el\u00a0<strong data-start=\"1173\" data-end=\"1205\">domingo 5 de octubre de 2025<\/strong><\/a><\/p>\n<p><a href=\"https:\/\/www.reservaentradas.com\/entrada\/valencia\/cineslys\/opera-tosca-directo\/370843\/?step=2\" rel=\"nofollow noopener\" target=\"_blank\"> <button>Reservar entradas<\/button><\/a><\/p>","protected":false},"excerpt":{"rendered":"<p>Tosca mi\u00e9rcoles, 01 de octubre 19.45h Directo desde Royal Ballet &amp; Opera de Londres \u00a1El thriller m\u00e1s apasionante de la \u00f3pera como nunca antes lo hab\u00edas visto! En un evento&hellip; <a class=\"more-link\" href=\"https:\/\/cineslys.com\/val\/calendario\/opera-y-ballet-tosca\/\">Continue reading <span class=\"screen-reader-text\">\u00d3pera y Ballet: Tosca<\/span><\/a><\/p>","protected":false},"author":1,"featured_media":9947,"template":"","meta":{"_tribe_events_status":"","_tribe_events_status_reason":"","footnotes":""},"tags":[],"tribe_events_cat":[],"class_list":["post-9944","tribe_events","type-tribe_events","status-publish","has-post-thumbnail","hentry","entry"],"_links":{"self":[{"href":"https:\/\/cineslys.com\/val\/wp-json\/wp\/v2\/tribe_events\/9944","targetHints":{"allow":["GET"]}}],"collection":[{"href":"https:\/\/cineslys.com\/val\/wp-json\/wp\/v2\/tribe_events"}],"about":[{"href":"https:\/\/cineslys.com\/val\/wp-json\/wp\/v2\/types\/tribe_events"}],"author":[{"embeddable":true,"href":"https:\/\/cineslys.com\/val\/wp-json\/wp\/v2\/users\/1"}],"version-history":[{"count":0,"href":"https:\/\/cineslys.com\/val\/wp-json\/wp\/v2\/tribe_events\/9944\/revisions"}],"wp:featuredmedia":[{"embeddable":true,"href":"https:\/\/cineslys.com\/val\/wp-json\/wp\/v2\/media\/9947"}],"wp:attachment":[{"href":"https:\/\/cineslys.com\/val\/wp-json\/wp\/v2\/media?parent=9944"}],"wp:term":[{"taxonomy":"post_tag","embeddable":true,"href":"https:\/\/cineslys.com\/val\/wp-json\/wp\/v2\/tags?post=9944"},{"taxonomy":"tribe_events_cat","embeddable":true,"href":"https:\/\/cineslys.com\/val\/wp-json\/wp\/v2\/tribe_events_cat?post=9944"}],"curies":[{"name":"wp","href":"https:\/\/api.w.org\/{rel}","templated":true}]}}